{"id":3926,"date":"2026-04-08T15:45:26","date_gmt":"2026-04-08T15:45:26","guid":{"rendered":"https:\/\/foroaduanero.representantesaduaneros.com\/?page_id=3926"},"modified":"2026-07-31T08:54:21","modified_gmt":"2026-07-31T08:54:21","slug":"alojamento-lisboa","status":"publish","type":"page","link":"https:\/\/foroaduanero.representantesaduaneros.com\/pt-pt\/alojamento-lisboa\/","title":{"rendered":"Alojamento Lisboa"},"content":{"rendered":"<div class=\"bt_rc_container\"><section id=\"bt_section6a989f65efd34\" data-parallax=\"0.1\" data-parallax-offset=\"0\" class=\"boldSection topSpaced bottomSpaced btLightSkin gutter btBottomVertical btParallax\" ><div class=\"port\"><div class=\"boldCell\"><div class=\"boldCellInner\"><div class=\"boldRow \" ><div class=\"boldRowInner\"><div class=\"rowItem col-md-12 col-ms-12  btTextLeft inherit\"  data-width=\"12\"><div class=\"rowItemContent\" ><\/div><\/div><\/div><\/div><\/div><\/div><\/div><\/section><section id=\"bt_section6a989f65f022d\" data-parallax=\"0.1\" data-parallax-offset=\"0\" class=\"boldSection btLightSkin gutter btBottomVertical btParallax\" ><div class=\"port\"><div class=\"boldCell\"><div class=\"boldCellInner\"><div class=\"boldRow \" ><div class=\"boldRowInner\"><div class=\"rowItem col-md-12 col-ms-12  btTextCenter inherit\"  data-width=\"12\"><div class=\"rowItemContent\" ><div class=\"bpgPhoto \" ><div class=\"btImage\"><img decoding=\"async\" src=\"https:\/\/foroaduanero.representantesaduaneros.com\/wp-content\/uploads\/2026\/04\/XXI-FORO-ADUANERO-4.png\" alt=\"https:\/\/foroaduanero.representantesaduaneros.com\/wp-content\/uploads\/2026\/04\/XXI-FORO-ADUANERO-4.png\"><\/div><\/div><div class=\"bpgPhoto \"  style=\"width: 400px;\"><div class=\"btImage\"><img decoding=\"async\" src=\"https:\/\/foroaduanero.representantesaduaneros.com\/wp-content\/uploads\/2026\/04\/logo-altis-grand-hotel.jpg\" alt=\"https:\/\/foroaduanero.representantesaduaneros.com\/wp-content\/uploads\/2026\/04\/logo-altis-grand-hotel.jpg\"><\/div><\/div><\/div><\/div><\/div><\/div><\/div><\/div><\/div><\/section><section id=\"bt_section6a989f65f17e9\"  class=\"boldSection gutter inherit\" ><div class=\"port\"><div class=\"boldCell\"><div class=\"boldCellInner\"><div class=\"boldRow \" ><div class=\"boldRowInner\"><div class=\"rowItem col-md-12 col-ms-12  btTextLeft inherit\"  data-width=\"12\"><div class=\"rowItemContent\" ><div class=\"btText\" ><\/div><div class=\"btText\" ><\/div><div class=\"btClear btSeparator bottomSpaced noBorder\" ><hr><\/div><\/div><\/div><\/div><\/div><div class=\"boldRow \" ><div class=\"boldRowInner\"><div class=\"rowItem col-md-12 col-ms-12  btTextLeft\"  data-width=\"12\"><div class=\"rowItemContent\" ><div class=\"btTabs tabsVertical\" data-open-first=\"yes\"  data-open-one=\"yes\"><ul class=\"tabsHeader\"><li><span>RESERVA DE QUARTOS<\/span><\/li><\/ul><div class=\"tabPanes accordionPanes\"><div class=\"tabPane\">\r\n\t\t\t<div class=\"tabAccordionTitle\"><span>RESERVA DE QUARTOS<\/span><\/div>\r\n\t\t\t<div class=\"tabAccordionContent\"><div class=\"boldRow \" ><div class=\"boldRowInner\"><div class=\"rowItem rowInnerItem col-ms-12  btTextLeft inherit\"  ><div class=\"rowItemContent\"><div class=\"btText\" ><p><span data-olk-copy-source=\"MessageBody\">As gest\u00f5es do seu alojamento s\u00e3o feitas diretamente com o hotel e o pagamento tamb\u00e9m ao hotel. Recordamos que o F\u00f3rum Aduaneiro se realiza no Altis Grand Hotel,<br \/>\nR. Castilho 11, 1269-072 Lisboa, Portugal.<\/span><\/p>\n<p><b>NOTA IMPORTANTE:<\/b>\u00a0Recordamos que \u00e9 muito importante n\u00e3o demorar na reserva dos seus quartos. O hotel bloqueia os quartos em exclusividade para o F\u00f3rum, mas, obviamente, n\u00e3o pode manter esse bloqueio de forma indefinida. O hotel manter\u00e1 o bloqueio de quartos at\u00e9 12 de setembro de 2026. A partir dessa data, os quartos n\u00e3o reservados ser\u00e3o libertados e ficar\u00e3o sujeitos \u00e0 disponibilidade.<\/p>\n<p><span data-olk-copy-source=\"MessageBody\">A reserva de quartos ser\u00e1 feita atrav\u00e9s da\u00a0<i>landing page<\/i>\u00a0criada para o F\u00f3rum:<\/span><\/p>\n<p><strong>LINK PARA GERIR A RESERVA<\/strong><\/p>\n<p><b><a style=\"color: red;\" title=\"Direcci\u00f3n URL original: https:\/\/www.altishotels.com\/en\/bookingstep1\/?chainSelectorValue=32564&amp;checkin=10%2F11%2F2026&amp;idtokenprovider=100378023&amp;currency=EUR&amp;idchain=501798&amp;clientCode=FOROADUANERO2026&amp;hsri=02080&amp;lang=en&amp;nights=7&amp;parties=W3siYWR1bHRzIjoxLCJjaGlsZHJlbiI6W119XQ%3D%3D&amp;type=chain&amp;step=1&amp;home=https%3A%2F%2Fwww.altishotels.com%2F. Haga clic o pulse si conf\u00eda en este v\u00ednculo.\" href=\"https:\/\/www.altishotels.com\/bookingstep1\/?chainSelectorValue=32564&amp;checkin=12%2F11%2F2026&amp;idtokenprovider=100378023&amp;currency=EUR&amp;idchain=501798&amp;clientCode=FOROADUANERO2026&amp;hsri=02080&amp;lang=pt&amp;nights=3&amp;parties=W3siYWR1bHRzIjoxLCJjaGlsZHJlbiI6W119XQ%3D%3D&amp;type=chain&amp;step=1&amp;home=https%3A%2F%2Fwww.altishotels.com%2F\" target=\"_blank\" rel=\"noopener noreferrer\" data-auth=\"NotApplicable\" data-linkindex=\"0\">Clique neste link para gerir a sua reserva FOROADUANERO2026.<\/a><\/b><\/p>\n<ul>\n<li>Todas as reservas devem ser realizadas atrav\u00e9s do link para que os h\u00f3spedes possam beneficiar da tarifa especial DUI (1 pessoa) com pequeno-almo\u00e7o = 240 \u20ac IVA inclu\u00eddo e Duplo (2 pessoas) com pequeno-almo\u00e7o = 260 \u20ac IVA inclu\u00eddo.<\/li>\n<li>Esse link estar\u00e1 dispon\u00edvel enquanto houver disponibilidade.<\/li>\n<li>Se desejar prolongar a sua estadia com datas anteriores e\/ou posteriores \u00e0s do congresso, poder\u00e1 faz\u00ea-lo diretamente atrav\u00e9s do link de reserva.<\/li>\n<\/ul>\n<p><b>Condi\u00e7\u00f5es de reserva e cancelamento:<\/b><\/p>\n<p>Os quartos dever\u00e3o ser reservados diretamente por cada participante.<\/p>\n<\/div><\/div><\/div><\/div><\/div><\/div>\r\n\t\t<\/div><\/div><\/div><\/div><\/div><\/div><\/div><div class=\"boldRow \" ><div class=\"boldRowInner\"><div class=\"rowItem col-md-12 col-ms-12  btTextLeft\"  data-width=\"12\"><div class=\"rowItemContent\" ><div class=\"btTabs tabsVertical\" data-open-first=\"yes\"  data-open-one=\"yes\"><ul class=\"tabsHeader\"><li><span>POL\u00cdTICA DE CANCELAMENTO<\/span><\/li><\/ul><div class=\"tabPanes accordionPanes\"><div class=\"tabPane\">\r\n\t\t\t<div class=\"tabAccordionTitle\"><span>POL\u00cdTICA DE CANCELAMENTO<\/span><\/div>\r\n\t\t\t<div class=\"tabAccordionContent\"><div class=\"boldRow \" ><div class=\"boldRowInner\"><div class=\"rowItem rowInnerItem col-ms-12  btTextLeft inherit\"  ><div class=\"rowItemContent\"><div class=\"btText\" ><p><span data-olk-copy-source=\"MessageBody\">Cancelamento gratuito at\u00e9 12 de setembro de 2026.<\/span><\/p>\n<p>De 13 de setembro a 13 de outubro de 2026 \u2192 ser\u00e1 aplicada uma penaliza\u00e7\u00e3o equivalente a 2 noites.<\/p>\n<p>A partir de 14 de outubro de 2026 \u2192 ser\u00e1 cobrado 100% da estad\u00eda.<\/p>\n<\/div><\/div><\/div><\/div><\/div><\/div>\r\n\t\t<\/div><\/div><\/div><\/div><\/div><\/div><\/div><div class=\"boldRow \" ><div class=\"boldRowInner\"><div class=\"rowItem col-md-12 col-ms-12  btTextLeft inherit\" style=\"display: none !important;\" data-width=\"12\"><div class=\"rowItemContent\" ><div class=\"btTabs tabsVertical\" data-open-first=\"yes\"  data-open-one=\"yes\"><ul class=\"tabsHeader\"><li><span>CHECK-IN\/CHECK-OUT<\/span><\/li><\/ul><div class=\"tabPanes accordionPanes\"><div class=\"tabPane\">\r\n\t\t\t<div class=\"tabAccordionTitle\"><span>CHECK-IN\/CHECK-OUT<\/span><\/div>\r\n\t\t\t<div class=\"tabAccordionContent\"><div class=\"boldRow \" ><div class=\"boldRowInner\"><div class=\"rowItem rowInnerItem col-ms-12  btTextLeft inherit\"  ><div class=\"rowItemContent\"><div class=\"btText\" ><p class=\"x_MsoNormal\"><strong>NH Collection A Coru\u00f1a Finisterre *****<\/strong><\/p>\n<ul type=\"disc\">\n<li class=\"x_MsoNormal\">O check-in poder\u00e1 ser efetuado a partir das 15:00. O check-out dever\u00e1 ser realizado antes das 12:00.<\/li>\n<li class=\"x_MsoNormal\">O pre\u00e7o pelos servi\u00e7os contratados ser\u00e1 o indicado neste contrato e dever\u00e1 ser pago por cada cliente individual no check-out.<\/li>\n<li class=\"x_MsoNormal\">O cliente alojado dever\u00e1 garantir, no momento da reserva, a sua estadia mediante cart\u00e3o de cr\u00e9dito com limite suficiente.<\/li>\n<li class=\"x_MsoNormal\">De acordo com a legisla\u00e7\u00e3o espanhola, \u00e9 obrigat\u00f3rio apresentar o passaporte\/BI durante o processo de registo, para que o hotel recolha os seguintes dados: nome e apelidos de cada h\u00f3spede, passaporte\/BI incluindo data de validade, bem como local e data de nascimento.<\/li>\n<\/ul>\n<p class=\"x_MsoNormal\"><b>Hotel Eurostars Atl\u00e1ntico ****<\/b><\/p>\n<\/div><\/div><\/div><\/div><\/div><\/div>\r\n\t\t<\/div><\/div><\/div><\/div><\/div><\/div><\/div><\/div><\/div><\/div><\/section><section id=\"bt_section6a989f660005d\"  class=\"boldSection gutter\" ><div class=\"port\"><div class=\"boldCell\"><div class=\"boldCellInner\"><div class=\"boldRow \" ><div class=\"boldRowInner\"><div class=\"rowItem col-md-12 col-ms-12  btTextLeft\"  data-width=\"12\"><div class=\"rowItemContent\" ><div class=\"btClear btSeparator topSemiSpaced noBorder\" ><hr><\/div><\/div><\/div><\/div><\/div><\/div><\/div><\/div><\/section><section id=\"bt_section6a989f66006c4\"  class=\"boldSection topSpaced gutter inherit\" ><div class=\"port\"><div class=\"boldCell\"><div class=\"boldCellInner\"><div class=\"boldRow \" ><div class=\"boldRowInner\"><div class=\"rowItem col-md-6 col-sm-12 btTextLeft\"  data-width=\"6\"><div class=\"rowItemContent\" ><header class=\"header btClear extralarge btDash bottomDash\" ><div class=\"btSuperTitle\">INFORMA\u00c7\u00c3O E CONTACTO<\/div><\/header><div class=\"btClear btSeparator topExtraSmallSpaced noBorder\" ><hr><\/div><div class=\"btText\" ><p><strong>CONSELHO GERAL DOS COL\u00c9GIOS DE AGENTES DE ALF\u00c2NDEGA DE ESPANHA<\/strong><\/p>\n<p>C\/ Doctor Fleming n\u00ba 46, 1\u00ba esq., 28036 Madrid<br \/>\nTel. 913 430 570 \u00b7 Telem\u00f3vel:606 304 955 \u2013 email:<a href=\"mailto:cgaa@representantesaduaneros.com\"> cgaa@representantesaduaneros.com<\/a><br \/>\n<a href=\"mailto:cga@representantesaduaneros.com\">Conselho Geral dos Agentes Aduaneiros | representantesaduaneros.com<\/a><\/p>\n<\/div><div class=\"btText\" ><\/div><\/div><\/div><div class=\"rowItem col-md-6 col-sm-12 btTextLeft\"  data-width=\"6\"><div class=\"rowItemContent\" ><header class=\"header btClear extralarge btDash bottomDash\" ><div class=\"btSuperTitle\">LOCAL DE REALIZA\u00c7\u00c3O<\/div><\/header><div class=\"btClear btSeparator topExtraSmallSpaced noBorder\" ><hr><\/div><div class=\"btText\" ><p class=\"x_MsoNormal\">Altis Grand Hotel<br \/>\nR. Castilho 11, 1269-072 Lisboa, Portugal<\/p>\n<\/div><div class=\"btText\" ><\/div><\/div><\/div><\/div><\/div><\/div><\/div><\/div><\/section><\/div>","protected":false},"excerpt":{"rendered":"","protected":false},"author":3,"featured_media":0,"parent":0,"menu_order":0,"comment_status":"closed","ping_status":"closed","template":"","meta":{"footnotes":"","_links_to":"","_links_to_target":""},"class_list":["post-3926","page","type-page","status-publish","hentry"],"yoast_head":"<!-- This site is optimized with the Yoast SEO plugin v28.4 - https:\/\/yoast.com\/product\/yoast-seo-wordpress\/ -->\n<title>Alojamento Lisboa - cgaa<\/title>\n<meta name=\"robots\" content=\"index, follow, max-snippet:-1, max-image-preview:large, max-video-preview:-1\" \/>\n<link rel=\"canonical\" href=\"https:\/\/foroaduanero.representantesaduaneros.com\/pt-pt\/alojamento-lisboa\/\" \/>\n<meta property=\"og:locale\" content=\"pt_PT\" \/>\n<meta property=\"og:type\" content=\"article\" \/>\n<meta property=\"og:title\" content=\"Alojamento Lisboa - cgaa\" \/>\n<meta property=\"og:url\" content=\"https:\/\/foroaduanero.representantesaduaneros.com\/pt-pt\/alojamento-lisboa\/\" \/>\n<meta property=\"og:site_name\" content=\"cgaa\" \/>\n<meta property=\"article:modified_time\" content=\"2026-07-31T08:54:21+00:00\" \/>\n<meta name=\"twitter:card\" content=\"summary_large_image\" \/>\n<meta name=\"twitter:label1\" content=\"Tempo estimado de leitura\" \/>\n\t<meta name=\"twitter:data1\" content=\"2 minutos\" \/>\n<script type=\"application\/ld+json\" class=\"yoast-schema-graph\">{\"@context\":\"https:\\\/\\\/schema.org\",\"@graph\":[{\"@type\":\"WebPage\",\"@id\":\"https:\\\/\\\/foroaduanero.representantesaduaneros.com\\\/pt-pt\\\/alojamento-lisboa\\\/\",\"url\":\"https:\\\/\\\/foroaduanero.representantesaduaneros.com\\\/pt-pt\\\/alojamento-lisboa\\\/\",\"name\":\"Alojamento Lisboa - cgaa\",\"isPartOf\":{\"@id\":\"https:\\\/\\\/foroaduanero.representantesaduaneros.com\\\/pt-pt\\\/#website\"},\"datePublished\":\"2026-04-08T15:45:26+00:00\",\"dateModified\":\"2026-07-31T08:54:21+00:00\",\"breadcrumb\":{\"@id\":\"https:\\\/\\\/foroaduanero.representantesaduaneros.com\\\/pt-pt\\\/alojamento-lisboa\\\/#breadcrumb\"},\"inLanguage\":\"pt-PT\",\"potentialAction\":[{\"@type\":\"ReadAction\",\"target\":[\"https:\\\/\\\/foroaduanero.representantesaduaneros.com\\\/pt-pt\\\/alojamento-lisboa\\\/\"]}]},{\"@type\":\"BreadcrumbList\",\"@id\":\"https:\\\/\\\/foroaduanero.representantesaduaneros.com\\\/pt-pt\\\/alojamento-lisboa\\\/#breadcrumb\",\"itemListElement\":[{\"@type\":\"ListItem\",\"position\":1,\"name\":\"Portada\",\"item\":\"https:\\\/\\\/foroaduanero.representantesaduaneros.com\\\/pt-pt\\\/\"},{\"@type\":\"ListItem\",\"position\":2,\"name\":\"Alojamento Lisboa\"}]},{\"@type\":\"WebSite\",\"@id\":\"https:\\\/\\\/foroaduanero.representantesaduaneros.com\\\/pt-pt\\\/#website\",\"url\":\"https:\\\/\\\/foroaduanero.representantesaduaneros.com\\\/pt-pt\\\/\",\"name\":\"cgaa\",\"description\":\"foroaduanero.representantesaduaneros.com\",\"potentialAction\":[{\"@type\":\"SearchAction\",\"target\":{\"@type\":\"EntryPoint\",\"urlTemplate\":\"https:\\\/\\\/foroaduanero.representantesaduaneros.com\\\/pt-pt\\\/?s={search_term_string}\"},\"query-input\":{\"@type\":\"PropertyValueSpecification\",\"valueRequired\":true,\"valueName\":\"search_term_string\"}}],\"inLanguage\":\"pt-PT\"}]}<\/script>\n<!-- \/ Yoast SEO plugin. -->","yoast_head_json":{"title":"Alojamento Lisboa - cgaa","robots":{"index":"index","follow":"follow","max-snippet":"max-snippet:-1","max-image-preview":"max-image-preview:large","max-video-preview":"max-video-preview:-1"},"canonical":"https:\/\/foroaduanero.representantesaduaneros.com\/pt-pt\/alojamento-lisboa\/","og_locale":"pt_PT","og_type":"article","og_title":"Alojamento Lisboa - cgaa","og_url":"https:\/\/foroaduanero.representantesaduaneros.com\/pt-pt\/alojamento-lisboa\/","og_site_name":"cgaa","article_modified_time":"2026-07-31T08:54:21+00:00","twitter_card":"summary_large_image","twitter_misc":{"Tempo estimado de leitura":"2 minutos"},"schema":{"@context":"https:\/\/schema.org","@graph":[{"@type":"WebPage","@id":"https:\/\/foroaduanero.representantesaduaneros.com\/pt-pt\/alojamento-lisboa\/","url":"https:\/\/foroaduanero.representantesaduaneros.com\/pt-pt\/alojamento-lisboa\/","name":"Alojamento Lisboa - cgaa","isPartOf":{"@id":"https:\/\/foroaduanero.representantesaduaneros.com\/pt-pt\/#website"},"datePublished":"2026-04-08T15:45:26+00:00","dateModified":"2026-07-31T08:54:21+00:00","breadcrumb":{"@id":"https:\/\/foroaduanero.representantesaduaneros.com\/pt-pt\/alojamento-lisboa\/#breadcrumb"},"inLanguage":"pt-PT","potentialAction":[{"@type":"ReadAction","target":["https:\/\/foroaduanero.representantesaduaneros.com\/pt-pt\/alojamento-lisboa\/"]}]},{"@type":"BreadcrumbList","@id":"https:\/\/foroaduanero.representantesaduaneros.com\/pt-pt\/alojamento-lisboa\/#breadcrumb","itemListElement":[{"@type":"ListItem","position":1,"name":"Portada","item":"https:\/\/foroaduanero.representantesaduaneros.com\/pt-pt\/"},{"@type":"ListItem","position":2,"name":"Alojamento Lisboa"}]},{"@type":"WebSite","@id":"https:\/\/foroaduanero.representantesaduaneros.com\/pt-pt\/#website","url":"https:\/\/foroaduanero.representantesaduaneros.com\/pt-pt\/","name":"cgaa","description":"foroaduanero.representantesaduaneros.com","potentialAction":[{"@type":"SearchAction","target":{"@type":"EntryPoint","urlTemplate":"https:\/\/foroaduanero.representantesaduaneros.com\/pt-pt\/?s={search_term_string}"},"query-input":{"@type":"PropertyValueSpecification","valueRequired":true,"valueName":"search_term_string"}}],"inLanguage":"pt-PT"}]}},"_links":{"self":[{"href":"https:\/\/foroaduanero.representantesaduaneros.com\/pt-pt\/wp-json\/wp\/v2\/pages\/3926","targetHints":{"allow":["GET"]}}],"collection":[{"href":"https:\/\/foroaduanero.representantesaduaneros.com\/pt-pt\/wp-json\/wp\/v2\/pages"}],"about":[{"href":"https:\/\/foroaduanero.representantesaduaneros.com\/pt-pt\/wp-json\/wp\/v2\/types\/page"}],"author":[{"embeddable":true,"href":"https:\/\/foroaduanero.representantesaduaneros.com\/pt-pt\/wp-json\/wp\/v2\/users\/3"}],"replies":[{"embeddable":true,"href":"https:\/\/foroaduanero.representantesaduaneros.com\/pt-pt\/wp-json\/wp\/v2\/comments?post=3926"}],"version-history":[{"count":1,"href":"https:\/\/foroaduanero.representantesaduaneros.com\/pt-pt\/wp-json\/wp\/v2\/pages\/3926\/revisions"}],"predecessor-version":[{"id":4299,"href":"https:\/\/foroaduanero.representantesaduaneros.com\/pt-pt\/wp-json\/wp\/v2\/pages\/3926\/revisions\/4299"}],"wp:attachment":[{"href":"https:\/\/foroaduanero.representantesaduaneros.com\/pt-pt\/wp-json\/wp\/v2\/media?parent=3926"}],"curies":[{"name":"wp","href":"https:\/\/api.w.org\/{rel}","templated":true}]}}