{"id":3896,"date":"2026-04-08T15:18:02","date_gmt":"2026-04-08T15:18:02","guid":{"rendered":"https:\/\/foroaduanero.representantesaduaneros.com\/programa-lisboa\/"},"modified":"2026-08-10T12:19:19","modified_gmt":"2026-08-10T12:19:19","slug":"programa-lisboa","status":"publish","type":"page","link":"https:\/\/foroaduanero.representantesaduaneros.com\/pt-pt\/programa-lisboa\/","title":{"rendered":"Programa Lisboa"},"content":{"rendered":"<div class=\"bt_rc_container\"><section id=\"bt_section6a989ec223f7a\" data-parallax=\"0.1\" data-parallax-offset=\"0\" class=\"boldSection topSpaced bottomSpaced btLightSkin gutter btBottomVertical btParallax\" ><div class=\"port\"><div class=\"boldCell\"><div class=\"boldCellInner\"><div class=\"boldRow \" ><div class=\"boldRowInner\"><div class=\"rowItem col-md-12 col-ms-12  btTextLeft inherit\"  data-width=\"12\"><div class=\"rowItemContent\" ><\/div><\/div><\/div><\/div><\/div><\/div><\/div><\/section><section id=\"bt_section6a989ec2243b3\" data-parallax=\"0.1\" data-parallax-offset=\"0\" class=\"boldSection bottomSpaced btLightSkin gutter btBottomVertical btParallax\" ><div class=\"port\"><div class=\"boldCell\"><div class=\"boldCellInner\"><div class=\"boldRow \" ><div class=\"boldRowInner\"><div class=\"rowItem col-md-12 col-ms-12  btTextCenter inherit\"  data-width=\"12\"><div class=\"rowItemContent\" ><div class=\"bpgPhoto \" ><div class=\"btImage\"><img decoding=\"async\" src=\"https:\/\/foroaduanero.representantesaduaneros.com\/wp-content\/uploads\/2026\/04\/XXI-FORO-ADUANERO-4.png\" alt=\"https:\/\/foroaduanero.representantesaduaneros.com\/wp-content\/uploads\/2026\/04\/XXI-FORO-ADUANERO-4.png\"><\/div><\/div><div class=\"btClear btSeparator bottomSemiSpaced noBorder\" ><hr><\/div><header class=\"header btClear small btDash bottomDash\" ><div class=\"dash\"><h4><span class=\"headline\">PROGRAMA PROVIS\u00d3RIO<\/span><\/h4><\/div><\/header><div class=\"btText\" ><p style=\"text-align: center;\"><strong><span style=\"font-size: 24px;\">Construindo o Futuro do Com\u00e9rcio, das Alf\u00e2ndegas e da Log\u00edstica<\/span><\/strong><\/p>\n<\/div><\/div><\/div><\/div><\/div><\/div><\/div><\/div><\/section><section id=\"bt_section6a989ec2253e0\"  class=\"boldSection gutter inherit\" ><div class=\"port\"><div class=\"boldCell\"><div class=\"boldCellInner\"><div class=\"boldRow \" ><div class=\"boldRowInner\"><div class=\"rowItem col-md-6 col-sm-12 btTextLeft\"  data-width=\"6\"><div class=\"rowItemContent\" ><div class=\"btTabs tabsVertical\" data-open-first=\"yes\"  data-open-one=\"yes\"><ul class=\"tabsHeader\"><li><span>QUINTA-FEIRA, 12 DE NOVEMBRO<\/span><\/li><\/ul><div class=\"tabPanes accordionPanes\"><div class=\"tabPane\">\r\n\t\t\t<div class=\"tabAccordionTitle\"><span>QUINTA-FEIRA, 12 DE NOVEMBRO<\/span><\/div>\r\n\t\t\t<div class=\"tabAccordionContent\"><div class=\"boldRow \" ><div class=\"boldRowInner\"><div class=\"rowItem rowInnerItem col-ms-4  btTextLeft inherit\"  ><div class=\"rowItemContent\"><div class=\"btText\" ><p><span data-olk-copy-source=\"MessageBody\">12.00 \u2013 14.00 h<\/span><\/p>\n<\/div><\/div><\/div><div class=\"rowItem rowInnerItem col-ms-8  btTextLeft inherit\"  ><div class=\"rowItemContent\"><header class=\"header btClear small\" ><div class=\"dash\"><h4><span class=\"headline\">PLEN\u00c1RIO DO CONSELHO GERAL DOS AGENTES ADUANEIROS<\/span><\/h4><\/div><div class=\"btSubTitle\">Assistir\u00e3o os Presidentes dos Col\u00e9gios Oficiais\r<br>Hotel Altis Grand Hotel, Lisboa, Portugal<\/div><\/header><\/div><\/div><\/div><\/div><div class=\"btClear btSeparator topSmallSpaced bottomSmallSpaced noBorder\" ><hr><\/div><div class=\"boldRow \" ><div class=\"boldRowInner\"><div class=\"rowItem rowInnerItem col-ms-4  btTextLeft inherit\"  ><div class=\"rowItemContent\"><div class=\"btText\" ><p>16.30 &#8211; 19.00 h<\/p>\n<\/div><\/div><\/div><div class=\"rowItem rowInnerItem col-ms-8  btTextLeft inherit\"  ><div class=\"rowItemContent\"><header class=\"header btClear small\" ><div class=\"dash\"><h4><span class=\"headline\">ACREDITA\u00c7\u00c3O E ENTREGA DE DOCUMENTA\u00c7\u00c3O<\/span><\/h4><\/div><\/header><\/div><\/div><\/div><\/div><div class=\"btClear btSeparator topSmallSpaced bottomSmallSpaced noBorder\" ><hr><\/div><div class=\"boldRow \" ><div class=\"boldRowInner\"><div class=\"rowItem rowInnerItem col-ms-4  btTextLeft inherit\"  ><div class=\"rowItemContent\"><div class=\"btText\" ><p>20:00 \u2013 21:30 h<\/p>\n<\/div><\/div><\/div><div class=\"rowItem rowInnerItem col-ms-8  btTextLeft inherit\"  ><div class=\"rowItemContent\"><header class=\"header btClear small\" ><div class=\"dash\"><h4><span class=\"headline\">COCKTAIL DE RECE\u00c7\u00c3O PARA TODOS OS CONGRESSISTAS<\/span><\/h4><\/div><div class=\"btSubTitle\">Com acompanhantes inscritos\r<br>Hotel Altis Grand Hotel, Lisboa, Portugal<\/div><\/header><\/div><\/div><\/div><\/div><\/div>\r\n\t\t<\/div><\/div><\/div><div class=\"btTabs tabsVertical\" data-open-first=\"yes\"  data-open-one=\"yes\"><ul class=\"tabsHeader\"><li><span>SEXTA-FEIRA, 13 DE NOVEMBRO<\/span><\/li><\/ul><div class=\"tabPanes accordionPanes\"><div class=\"tabPane\">\r\n\t\t\t<div class=\"tabAccordionTitle\"><span>SEXTA-FEIRA, 13 DE NOVEMBRO<\/span><\/div>\r\n\t\t\t<div class=\"tabAccordionContent\"><div class=\"boldRow \" ><div class=\"boldRowInner\"><div class=\"rowItem rowInnerItem col-ms-4  btTextLeft inherit\"  ><div class=\"rowItemContent\"><div class=\"btText\" ><p>08.30 &#8211; 09.00 h<\/p>\n<\/div><\/div><\/div><div class=\"rowItem rowInnerItem col-ms-8  btTextLeft inherit\"  ><div class=\"rowItemContent\"><header class=\"header btClear small\" ><div class=\"dash\"><h4><span class=\"headline\">Acredita\u00e7\u00e3o e entrega de documenta\u00e7\u00e3o<\/span><\/h4><\/div><\/header><\/div><\/div><\/div><\/div><div class=\"btClear btSeparator topSmallSpaced bottomSmallSpaced noBorder\" ><hr><\/div><div class=\"boldRow \" ><div class=\"boldRowInner\"><div class=\"rowItem rowInnerItem col-ms-4  btTextLeft inherit\"  ><div class=\"rowItemContent\"><div class=\"btText\" ><p>09.15 &#8211; 09.30 h<\/p>\n<\/div><\/div><\/div><div class=\"rowItem rowInnerItem col-ms-8  btTextLeft inherit\"  ><div class=\"rowItemContent\"><header class=\"header btClear small\" ><div class=\"dash\"><h4><span class=\"headline\">INAUGURA\u00c7\u00c3O OFICIAL DO XXII F\u00d3RUM ADUANEIRO<\/span><\/h4><\/div><div class=\"btSubTitle\"><b>D.\u00aa Nerea Rodr\u00edguez Entremonzaga.<\/b> Diretora do Departamento de Alf\u00e2ndegas e Impostos Especiais.\r<br>\r<br><b>D\u00aa. Cl\u00e1udia Reis Duarte.<\/b> Secret\u00e1ria de Estado dos Assuntos Fiscais .\r<br>\r<br><b>D. M\u00e1rio Alexandre Alves Jorge.<\/b> Presidente da Ordem dos Despachantes Oficiais (ODO) de Portugal.\r<br>\r<br><b>D. Antonio Llobet de Pablo.<\/b> Presidente do Conselho Geral dos Col\u00e9gios de Agentes Aduaneiros e Representantes Aduaneiros de Espanha.<\/div><\/header><\/div><\/div><\/div><\/div><div class=\"btClear btSeparator topSmallSpaced bottomSmallSpaced noBorder\" ><hr><\/div><div class=\"boldRow \" ><div class=\"boldRowInner\"><div class=\"rowItem rowInnerItem col-ms-4  btTextLeft inherit\"  ><div class=\"rowItemContent\"><div class=\"btText\" ><p>09.30 &#8211; 10.40 h<\/p>\n<\/div><\/div><\/div><div class=\"rowItem rowInnerItem col-ms-8  btTextLeft inherit\"  ><div class=\"rowItemContent\"><header class=\"header btClear small\" ><div class=\"dash\"><h4><span class=\"headline\">AS ALF\u00c2NDEGAS IB\u00c9RICAS PERANTE OS NOVOS DESAFIOS DO COM\u00c9RCIO GLOBAL<\/span><\/h4><\/div><div class=\"btSubTitle\"><b>D\u00aa. Nerea Rodr\u00edguez Entremonzaga.<\/b> Diretora do Departamento de Alf\u00e2ndegas e Impostos Especiais.\r<br>\r<br><b>D\u00aa Mar\u00eda Gonz\u00e1lez P\u00e9rez.<\/b> Subdiretora-Geral de Gest\u00e3o Aduaneira.\r<br>\r<br><b>D. Fernando Campos Pereira.<\/b> Subdiretor-Geral da \u00c1rea de Gest\u00e3o Tribut\u00e1ria \u2013 Impostos Indiretos e Imposto sobre Ve\u00edculos.\r<br>\r<br><b>D. Ricardo Deus.<\/b> Chefe da Divis\u00e3o de Regimes Aduaneiros,na Dire\u00e7\u00e3o de Servi\u00e7os de Regula\u00e7\u00e3o Aduaneira (DSRA) da Autoridade Tribut\u00e1ria e Aduaneira (AT).<\/div><\/header><\/div><\/div><\/div><\/div><div class=\"btClear btSeparator topSmallSpaced bottomSmallSpaced noBorder\" ><hr><\/div><div class=\"boldRow \" ><div class=\"boldRowInner\"><div class=\"rowItem rowInnerItem col-ms-4  btTextLeft inherit\"  ><div class=\"rowItemContent\"><div class=\"btText\" ><p>10.40 &#8211; 11.15 h<\/p>\n<\/div><\/div><\/div><div class=\"rowItem rowInnerItem col-ms-8  btTextLeft inherit\"  ><div class=\"rowItemContent\"><header class=\"header btClear small\" ><div class=\"dash\"><h4><span class=\"headline\">CONTROLO NAS FRONTEIRAS, SEGURAN\u00c7A E COMPETITIVIDADE: A RESPOSTA IB\u00c9RICA<\/span><\/h4><\/div><div class=\"btSubTitle\"><b>Dra. Carmen Gonz\u00e1lez Mart\u00edn<\/b> \u2013 Subdiretora-Geral de Acordos Sanit\u00e1rios e Controlo Fronteiri\u00e7o, Dire\u00e7\u00e3o-Geral da Sanidade da Produ\u00e7\u00e3o Agroalimentar e Bem-Estar Animal.<\/div><\/header><\/div><\/div><\/div><\/div><div class=\"btClear btSeparator topSmallSpaced bottomSmallSpaced noBorder\" ><hr><\/div><div class=\"boldRow \" ><div class=\"boldRowInner\"><div class=\"rowItem rowInnerItem col-ms-4  btTextLeft inherit\"  ><div class=\"rowItemContent\"><div class=\"btText\" ><p>11.15 &#8211; 11.45 h<\/p>\n<\/div><\/div><\/div><div class=\"rowItem rowInnerItem col-ms-8  btTextLeft inherit\"  ><div class=\"rowItemContent\"><header class=\"header btClear small\" ><div class=\"dash\"><h4><span class=\"headline\"><b class=\"animate\">Pausa para Caf\u00e9<\/b><\/span><\/h4><\/div><\/header><\/div><\/div><\/div><\/div><div class=\"btClear btSeparator topSmallSpaced bottomSmallSpaced noBorder\" ><hr><\/div><div class=\"boldRow \" ><div class=\"boldRowInner\"><div class=\"rowItem rowInnerItem col-ms-4  btTextLeft inherit\"  ><div class=\"rowItemContent\"><div class=\"btText\" ><p>11.45 &#8211; 12.20 h<\/p>\n<\/div><\/div><\/div><div class=\"rowItem rowInnerItem col-ms-8  btTextLeft inherit\"  ><div class=\"rowItemContent\"><header class=\"header btClear small\" style=\".btSubTitle: padding-top: 5px !important;\"><div class=\"dash\"><h4><span class=\"headline\">DO COM\u00c9RCIO GLOBAL \u00c0 SEGURAN\u00c7A ECON\u00d3MICA: UMA PERSPETIVA GEOPOL\u00cdTICA<\/span><\/h4><\/div><div class=\"btSubTitle\"><b>Dr. Jordi Torrent Pujol<\/b> \u2013Secret\u00e1rio-Geral da Associa\u00e7\u00e3o de Portos do Mediterr\u00e2neo e consultor nos setores de log\u00edstica, portu\u00e1rio e de transportes.\r<br>\r<br><b>D. Jos\u00e9 Pedro Teixeira Fernandes.<\/b> Investigador do IPRI\/NOVA\u2014Instituto Portugu\u00eas de Rela\u00e7\u00f5es Internacionais, investigador associado do IDN\u2014Instituto da Defesa Nacional e professor do ISCET\u2014Instituto Superior de Ci\u00eancias Empresariais e do Turismo na \u00e1rea das Rela\u00e7\u00f5es Internacionais.<\/div><\/header><\/div><\/div><\/div><\/div><div class=\"btClear btSeparator topSmallSpaced bottomSmallSpaced noBorder\" ><hr><\/div><div class=\"boldRow \" ><div class=\"boldRowInner\"><div class=\"rowItem rowInnerItem col-ms-4  btTextLeft inherit\"  ><div class=\"rowItemContent\"><div class=\"btText\" ><p>12.20 &#8211; 12.55 h<\/p>\n<\/div><\/div><\/div><div class=\"rowItem rowInnerItem col-ms-8  btTextLeft inherit\"  ><div class=\"rowItemContent\"><header class=\"header btClear small\" ><div class=\"dash\"><h4><span class=\"headline\">A REVOLU\u00c7\u00c3O DIGITAL NAS ALF\u00c2NDEGAS: DESAFIOS E OPORTUNIDADES<\/span><\/h4><\/div><div class=\"btSubTitle\"><b>D. Cecilio Labrada Caparr\u00f3s.<\/b>Respons\u00e1vel pelo Desenvolvimento de Neg\u00f3cios na Visual Trans.\r<br>\r<br><b>D. Santiago Gonz\u00e1lez Figueroa.<\/b>Respons\u00e1vel pelo Desenvolvimento da \u00e1rea Aduaneira na Visual Trans.<\/div><\/header><\/div><\/div><\/div><\/div><div class=\"btClear btSeparator topSmallSpaced bottomSmallSpaced noBorder\" ><hr><\/div><div class=\"boldRow \" ><div class=\"boldRowInner\"><div class=\"rowItem rowInnerItem col-ms-4  btTextLeft inherit\"  ><div class=\"rowItemContent\"><div class=\"btText\" ><p>12.55 &#8211; 13.30 h<\/p>\n<\/div><\/div><\/div><div class=\"rowItem rowInnerItem col-ms-8  btTextLeft inherit\"  ><div class=\"rowItemContent\"><header class=\"header btClear small\" ><div class=\"dash\"><h4><span class=\"headline\">MERCOSUL E A ESTRAT\u00c9GIA COMERCIAL DA UNI\u00c3O EUROPEIA NA NOVA ORDEM GLOBAL<\/span><\/h4><\/div><div class=\"btSubTitle\"><b>D. Juli\u00e1n Conthe Yoldi<\/b> \u2013 Diretor-Geral de Pol\u00edtica Comercial e Seguran\u00e7a Econ\u00f3mica.<\/div><\/header><\/div><\/div><\/div><\/div><div class=\"btClear btSeparator topSmallSpaced bottomSmallSpaced noBorder\" ><hr><\/div><div class=\"boldRow \" ><div class=\"boldRowInner\"><div class=\"rowItem rowInnerItem col-ms-4  btTextLeft inherit\"  ><div class=\"rowItemContent\"><div class=\"btText\" ><p>13.30 h<\/p>\n<\/div><\/div><\/div><div class=\"rowItem rowInnerItem col-ms-8  btTextLeft inherit\"  ><div class=\"rowItemContent\"><header class=\"header btClear small\" ><div class=\"dash\"><h4><span class=\"headline\"><b class=\"animate\">Almo\u00e7o especial <\/b>(apenas para congressistas, mediante confirma\u00e7\u00e3o pr\u00e9via)\r<br><\/span><\/h4><\/div><\/header><div class=\"btText\" ><\/div><\/div><\/div><\/div><\/div><div class=\"btClear btSeparator topSmallSpaced bottomSmallSpaced noBorder\" ><hr><\/div><div class=\"boldRow \" ><div class=\"boldRowInner\"><div class=\"rowItem rowInnerItem col-ms-4  btTextLeft inherit\"  ><div class=\"rowItemContent\"><div class=\"btText\" ><\/div><\/div><\/div><div class=\"rowItem rowInnerItem col-ms-8  btTextLeft inherit\"  ><div class=\"rowItemContent\"><div class=\"btText\" ><\/div><\/div><\/div><\/div><\/div><\/div>\r\n\t\t<\/div><\/div><\/div><\/div><\/div><div class=\"rowItem col-md-6 col-sm-12 btTextLeft inherit\"  data-width=\"6\"><div class=\"rowItemContent\" ><div class=\"btTabs tabsVertical\" data-open-first=\"yes\"  data-open-one=\"yes\"><ul class=\"tabsHeader\"><li><span>S\u00c1BADO, 14 DE NOVEMBRO<\/span><\/li><\/ul><div class=\"tabPanes accordionPanes\"><div class=\"tabPane\">\r\n\t\t\t<div class=\"tabAccordionTitle\"><span>S\u00c1BADO, 14 DE NOVEMBRO<\/span><\/div>\r\n\t\t\t<div class=\"tabAccordionContent\"><div class=\"boldRow \" ><div class=\"boldRowInner\"><div class=\"rowItem rowInnerItem col-ms-4  btTextLeft inherit\"  ><div class=\"rowItemContent\"><div class=\"btText\" ><p>10.00 \u2013 10.35 h<\/p>\n<\/div><\/div><\/div><div class=\"rowItem rowInnerItem col-ms-8  btTextLeft inherit\"  ><div class=\"rowItemContent\"><header class=\"header btClear small\" ><div class=\"dash\"><h4><span class=\"headline\">FINANCIAMENTO INTELIGENTE PARA EMPRESAS: COMO GERAR LIQUIDEZ SEM TRAVAR O CRESCIMENTO<\/span><\/h4><\/div><div class=\"btSubTitle\"><b>Dr. Jordi Sol\u00e9 Tuy\u00e0<\/b> \u2013 Diretor Executivo, Kreedit Financiamento Empresarial.<\/div><\/header><\/div><\/div><\/div><\/div><div class=\"btClear btSeparator topSmallSpaced bottomSmallSpaced noBorder\" ><hr><\/div><div class=\"boldRow \" ><div class=\"boldRowInner\"><div class=\"rowItem rowInnerItem col-ms-4  btTextLeft inherit\"  ><div class=\"rowItemContent\"><div class=\"btText\" ><p>10.35 \u2013 11.10 h<\/p>\n<\/div><\/div><\/div><div class=\"rowItem rowInnerItem col-ms-8  btTextLeft inherit\"  ><div class=\"rowItemContent\"><header class=\"header btClear small\" ><div class=\"dash\"><h4><span class=\"headline\">RETER O TALENTO NO SETOR DA LOG\u00cdSTICA E DAS ALF\u00c2NDEGAS<\/span><\/h4><\/div><div class=\"btSubTitle\"><b>Orador<\/b> \u2013 A confirmar.<\/div><\/header><\/div><\/div><\/div><\/div><div class=\"btClear btSeparator topSmallSpaced bottomSmallSpaced noBorder\" ><hr><\/div><div class=\"boldRow \" ><div class=\"boldRowInner\"><div class=\"rowItem rowInnerItem col-ms-4  btTextLeft inherit\"  ><div class=\"rowItemContent\"><div class=\"btText\" ><p>11.10 &#8211; 11.40 h<\/p>\n<\/div><\/div><\/div><div class=\"rowItem rowInnerItem col-ms-8  btTextLeft inherit\"  ><div class=\"rowItemContent\"><header class=\"header btClear small\" ><div class=\"dash\"><h4><span class=\"headline\">Pausa para Caf\u00e9<\/span><\/h4><\/div><\/header><\/div><\/div><\/div><\/div><div class=\"btClear btSeparator topSmallSpaced bottomSmallSpaced noBorder\" ><hr><\/div><div class=\"boldRow \" ><div class=\"boldRowInner\"><div class=\"rowItem rowInnerItem col-ms-4  btTextLeft inherit\"  ><div class=\"rowItemContent\"><div class=\"btText\" ><p>11.40 &#8211; 12.15 h<\/p>\n<\/div><\/div><\/div><div class=\"rowItem rowInnerItem col-ms-8  btTextLeft inherit\"  ><div class=\"rowItemContent\"><header class=\"header btClear small\" ><div class=\"dash\"><h4><span class=\"headline\">REGULAMENTO EUROPEU SOBRE A DESFLORESTA\u00c7\u00c3O<\/span><\/h4><\/div><div class=\"btSubTitle\"><b>Orador<\/b> \u2013 A confirmar.<\/div><\/header><\/div><\/div><\/div><\/div><div class=\"btClear btSeparator topSmallSpaced bottomSmallSpaced noBorder\" ><hr><\/div><div class=\"boldRow \" ><div class=\"boldRowInner\"><div class=\"rowItem rowInnerItem col-ms-4  btTextLeft inherit\"  ><div class=\"rowItemContent\"><div class=\"btText\" ><p>12.15 &#8211; 12.50 h<\/p>\n<\/div><\/div><\/div><div class=\"rowItem rowInnerItem col-ms-8  btTextLeft inherit\"  ><div class=\"rowItemContent\"><header class=\"header btClear small\" ><div class=\"dash\"><h4><span class=\"headline\">PORTO DE SINES: A GRANDE PORTA ATL\u00c2NTICA DA EUROPA. OPORTUNIDADES PARA O COM\u00c9RCIO INTERNACIONAL<\/span><\/h4><\/div><div class=\"btSubTitle\"><b>D. Pedro do \u00d3 Ramos<\/b> \u2013 Presidente da Administra\u00e7\u00e3o do Porto de Sines e do Algarve.<\/div><\/header><\/div><\/div><\/div><\/div><div class=\"btClear btSeparator topSmallSpaced bottomSmallSpaced noBorder\" ><hr><\/div><div class=\"boldRow \" ><div class=\"boldRowInner\"><div class=\"rowItem rowInnerItem col-ms-4  btTextLeft inherit\"  ><div class=\"rowItemContent\"><div class=\"btText\" ><p>12.50 &#8211; 13.25 h<\/p>\n<\/div><\/div><\/div><div class=\"rowItem rowInnerItem col-ms-8  btTextLeft inherit\"  ><div class=\"rowItemContent\"><header class=\"header btClear small\" ><div class=\"dash\"><h4><span class=\"headline\">A PR\u00d3XIMA FRONTEIRA DA SEGURAN\u00c7A: CIBERPROTE\u00c7\u00c3O PARA EMPRESAS E LOG\u00cdSTICA<\/span><\/h4><\/div><div class=\"btSubTitle\"><b>Orador<\/b> \u2013 A confirmar.<\/div><\/header><\/div><\/div><\/div><\/div><div class=\"btClear btSeparator topSmallSpaced bottomSmallSpaced noBorder\" ><hr><\/div><div class=\"boldRow \" ><div class=\"boldRowInner\"><div class=\"rowItem rowInnerItem col-ms-4  btTextLeft inherit\"  ><div class=\"rowItemContent\"><div class=\"btText\" ><p>13.25 &#8211; 13.45 h<\/p>\n<\/div><\/div><\/div><div class=\"rowItem rowInnerItem col-ms-8  btTextLeft inherit\"  ><div class=\"rowItemContent\"><header class=\"header btClear small\" ><div class=\"dash\"><h4><span class=\"headline\">ENCERRAMENTO DO XXII F\u00d3RUM ADUANEIRO<\/span><\/h4><\/div><div class=\"btSubTitle\"><b>D. M\u00e1rio Alexandre Alves Jorge.<\/b> Presidente da Ordem dos Despachantes Oficiais (ODO) de Portugal.\r<br>\r<br><b>D. Antonio Llobet de Pablo.<\/b>Presidente do Conselho Geral dos Col\u00e9gios de Agentes Aduaneiros e Representantes Aduaneiros de Espanha.<\/div><\/header><\/div><\/div><\/div><\/div><\/div>\r\n\t\t<\/div><\/div><\/div><div class=\"btClear btSeparator topSmallSpaced bottomSmallSpaced noBorder\" ><hr><\/div><div class=\"bpgPhoto \"  style=\"height: 775px;\"><div class=\"btImage\"><img decoding=\"async\" src=\"https:\/\/foroaduanero.representantesaduaneros.com\/wp-content\/uploads\/2026\/04\/HOTEL-ALTIS-1.jpg\" alt=\"https:\/\/foroaduanero.representantesaduaneros.com\/wp-content\/uploads\/2026\/04\/HOTEL-ALTIS-1.jpg\"><\/div><\/div><\/div><\/div><\/div><\/div><div class=\"boldRow \" ><div class=\"boldRowInner\"><div class=\"rowItem col-md-12 col-ms-12  btTextCenter inherit\"  data-width=\"12\"><div class=\"rowItemContent\" ><div class=\"btClear btSeparator bottomSpaced noBorder\" ><hr><\/div><header class=\"header btClear small\" ><div class=\"dash\"><h4><span class=\"headline\">INAUGURA\u00c7\u00c3O OFICIAL DO F\u00d3RUM ADUANEIRO<\/span><\/h4><\/div><\/header><div class=\"btClear btSeparator bottomSpaced noBorder\" ><hr><\/div><\/div><\/div><\/div><\/div><div class=\"boldRow \" ><div class=\"boldRowInner\"><div class=\"rowItem col-md-3 col-sm-6 col-ms-12 btTextCenter inherit\"  data-width=\"3\"><div class=\"rowItemContent\" ><div class=\"bpgPhoto  btHasTitles\"  style=\"width: 300px; height: 300px;\"><div class=\"btImage\"><img decoding=\"async\" src=\"https:\/\/foroaduanero.representantesaduaneros.com\/wp-content\/uploads\/2024\/06\/Fotografia-dna.-Nerea-Rodriguez.jpg\" alt=\"https:\/\/foroaduanero.representantesaduaneros.com\/wp-content\/uploads\/2024\/06\/Fotografia-dna.-Nerea-Rodriguez.jpg\"><\/div><\/div><div class=\"btText\" ><p style=\"text-align: center;\"><strong>NEREA RODR\u00cdGUEZ ENTREMONZAGA<\/strong><\/p>\n<\/div><div class=\"btText\" ><p style=\"text-align: center;\">Diretora do Departamento de Alf\u00e2ndegas e II.EE.<\/p>\n<\/div><\/div><\/div><div class=\"rowItem col-md-3 col-sm-6 col-ms-12 btTextCenter inherit\"  data-width=\"3\"><div class=\"rowItemContent\" ><div class=\"bpgPhoto  btHasTitles\"  style=\"width: 300px; height: 300px;\"><div class=\"btImage\"><img decoding=\"async\" src=\"https:\/\/foroaduanero.representantesaduaneros.com\/wp-content\/uploads\/2026\/07\/Foto-SEAF-oficial-320x320.jpg\" alt=\"https:\/\/foroaduanero.representantesaduaneros.com\/wp-content\/uploads\/2026\/07\/Foto-SEAF-oficial-320x320.jpg\"><\/div><\/div><div class=\"btText\" ><p class=\"x_MsoNormal\" style=\"text-align: center;\"><b data-olk-copy-source=\"MessageBody\">CL\u00c1UDIA REIS DUARTE<\/b><\/p>\n<\/div><div class=\"btText\" ><p class=\"x_MsoNormal\" style=\"text-align: center;\"><span lang=\"PT\" data-olk-copy-source=\"MessageBody\">Secret\u00e1ria de Estado dos Assuntos Fiscais<\/span><\/p>\n<\/div><\/div><\/div><div class=\"rowItem col-md-3 col-sm-6 col-ms-12 btTextCenter inherit\"  data-width=\"3\"><div class=\"rowItemContent\" ><div class=\"bpgPhoto  btHasTitles\"  style=\"width: 300px; height: 300px;\"><div class=\"btImage\"><img decoding=\"async\" src=\"https:\/\/foroaduanero.representantesaduaneros.com\/wp-content\/uploads\/2026\/05\/MARIO-JORGE-1-320x386.jpg\" alt=\"https:\/\/foroaduanero.representantesaduaneros.com\/wp-content\/uploads\/2026\/05\/MARIO-JORGE-1-320x386.jpg\"><\/div><\/div><div class=\"btText\" ><p style=\"text-align: center;\"><strong>M\u00c1RIO ALEXANDRE ALVES JORGE<\/strong><\/p>\n<\/div><div class=\"btText\" ><p style=\"text-align: center;\">Presidente da Ordem dos Despachantes Oficiais (ODO) de Portugal.<\/p>\n<\/div><\/div><\/div><div class=\"rowItem col-md-3 col-sm-6 col-ms-12 btTextCenter inherit\"  data-width=\"3\"><div class=\"rowItemContent\" ><div class=\"bpgPhoto  btHasTitles\"  style=\"width: 300px; height: 300px;\"><div class=\"btImage\"><img decoding=\"async\" src=\"https:\/\/foroaduanero.representantesaduaneros.com\/wp-content\/uploads\/2025\/09\/ANTONIO-LLOBET-1-320x320.jpg\" alt=\"https:\/\/foroaduanero.representantesaduaneros.com\/wp-content\/uploads\/2025\/09\/ANTONIO-LLOBET-1-320x320.jpg\"><\/div><\/div><div class=\"btText\" ><p style=\"text-align: center;\"><strong>ANTONIO LLOBET DE PABLO<\/strong><\/p>\n<\/div><div class=\"btText\" ><p style=\"text-align: center;\">Presidente do Conselho Geral dos Col\u00e9gios de Agentes Aduaneiros e Representantes Aduaneiros de Espanha.<\/p>\n<\/div><\/div><\/div><\/div><\/div><div class=\"boldRow \" ><div class=\"boldRowInner\"><div class=\"rowItem col-md-3 col-sm-6 col-ms-12 btTextCenter inherit\" style=\"display:none !important;\" data-width=\"3\"><div class=\"rowItemContent\" ><div class=\"bpgPhoto  btHasTitles\"  style=\"width: 300px; height: 300px;\"><div class=\"btImage\"><img decoding=\"async\" src=\"https:\/\/foroaduanero.representantesaduaneros.com\/wp-content\/uploads\/2025\/09\/250916-CGCHP-FotoForo-320x320.jpg\" alt=\"https:\/\/foroaduanero.representantesaduaneros.com\/wp-content\/uploads\/2025\/09\/250916-CGCHP-FotoForo-320x320.jpg\"><\/div><\/div><div class=\"btText\" ><p style=\"text-align: center;\"><strong>CARLOS GONZ\u00c1LEZ-CHAS PIC\u00d3<\/strong><\/p>\n<\/div><div class=\"btText\" ><p style=\"text-align: center;\"><span data-olk-copy-source=\"MessageBody\">Presidente del Colegio Oficial de Agentes de Aduanas y Representantes Aduaneros de A Coru\u00f1a y Lugo<\/span><\/p>\n<\/div><\/div><\/div><div class=\"rowItem col-md-3 col-sm-6 col-ms-12 btTextCenter inherit\"  data-width=\"3\"><div class=\"rowItemContent\" ><\/div><\/div><div class=\"rowItem col-md-3 col-sm-6 col-ms-12 btTextCenter inherit\"  data-width=\"3\"><div class=\"rowItemContent\" ><\/div><\/div><div class=\"rowItem col-md-3 col-sm-6 col-ms-12 btTextCenter inherit\"  data-width=\"3\"><div class=\"rowItemContent\" ><\/div><\/div><\/div><\/div><div class=\"boldRow \" ><div class=\"boldRowInner\"><div class=\"rowItem col-md-12 col-ms-12  btTextCenter inherit\"  data-width=\"12\"><div class=\"rowItemContent\" ><div class=\"btClear btSeparator bottomSpaced noBorder\" ><hr><\/div><header class=\"header btClear small\" ><div class=\"dash\"><h4><span class=\"headline\">PAINEL DE ORADORES<\/span><\/h4><\/div><\/header><div class=\"btClear btSeparator bottomSpaced noBorder\" ><hr><\/div><\/div><\/div><\/div><\/div><div class=\"boldRow \" ><div class=\"boldRowInner\"><div class=\"rowItem col-md-3 col-sm-6 col-ms-12 btTextCenter inherit\"  data-width=\"3\"><div class=\"rowItemContent\" ><div class=\"bpgPhoto  btHasTitles\"  style=\"width: 300px; height: 300px;\"><div class=\"btImage\"><img decoding=\"async\" src=\"https:\/\/foroaduanero.representantesaduaneros.com\/wp-content\/uploads\/2024\/06\/Fotografia-dna.-Nerea-Rodriguez.jpg\" alt=\"https:\/\/foroaduanero.representantesaduaneros.com\/wp-content\/uploads\/2024\/06\/Fotografia-dna.-Nerea-Rodriguez.jpg\"><\/div><\/div><div class=\"btText\" ><p style=\"text-align: center;\"><strong>NEREA RODR\u00cdGUEZ ENTREMONZAGA<\/strong><\/p>\n<\/div><div class=\"btText\" ><p style=\"text-align: center;\">Diretora do Departamento de Alf\u00e2ndegas e Impostos Especiais<\/p>\n<\/div><\/div><\/div><div class=\"rowItem col-md-3 col-sm-6 col-ms-12 btTextCenter inherit\"  data-width=\"3\"><div class=\"rowItemContent\" ><div class=\"bpgPhoto  btHasTitles\"  style=\"width: 300px; height: 300px;\"><div class=\"btImage\"><img decoding=\"async\" src=\"https:\/\/foroaduanero.representantesaduaneros.com\/wp-content\/uploads\/2024\/06\/Fotografia-Dna.-Maria-Gonzalez-e1719488581811.jpg\" alt=\"https:\/\/foroaduanero.representantesaduaneros.com\/wp-content\/uploads\/2024\/06\/Fotografia-Dna.-Maria-Gonzalez-e1719488581811.jpg\"><\/div><\/div><div class=\"btText\" ><p style=\"text-align: center;\"><strong>MAR\u00cdA GONZ\u00c1LEZ P\u00c9REZ<\/strong><\/p>\n<\/div><div class=\"btText\" ><p style=\"text-align: center;\">Subdiretora-Geral de Gest\u00e3o Aduaneira do Departamento de Alf\u00e2ndegas e Impostos Especiais<\/p>\n<\/div><\/div><\/div><div class=\"rowItem col-md-3 col-sm-6 col-ms-12 btTextCenter inherit\"  data-width=\"3\"><div class=\"rowItemContent\" ><div class=\"bpgPhoto  btHasTitles\"  style=\"width: 300px; height: 300px;\"><div class=\"btImage\"><img decoding=\"async\" src=\"https:\/\/foroaduanero.representantesaduaneros.com\/wp-content\/uploads\/2026\/04\/foto-hombre-320x317.jpg\" alt=\"https:\/\/foroaduanero.representantesaduaneros.com\/wp-content\/uploads\/2026\/04\/foto-hombre-320x317.jpg\"><\/div><\/div><div class=\"btText\" ><p class=\"x_MsoNormal\" style=\"text-align: center;\"><b><span lang=\"PT\" data-olk-copy-source=\"MessageBody\">FERNANDO CAMPOS PEREIRA<\/span><\/b><\/p>\n<\/div><div class=\"btText\" ><p class=\"x_MsoNormal\" style=\"text-align: center;\"><span lang=\"PT\" data-olk-copy-source=\"MessageBody\">Subdiretor-Geral da \u00c1rea de Gest\u00e3o Tribut\u00e1ria \u2013 Impostos Indiretos e Imposto sobre Ve\u00edculos<\/span><\/p>\n<\/div><\/div><\/div><div class=\"rowItem col-md-3 col-sm-6 col-ms-12 btTextCenter inherit\"  data-width=\"3\"><div class=\"rowItemContent\" ><div class=\"bpgPhoto  btHasTitles\"  style=\"width: 300px; height: 300px;\"><div class=\"btImage\"><img decoding=\"async\" src=\"https:\/\/foroaduanero.representantesaduaneros.com\/wp-content\/uploads\/2026\/04\/foto-hombre-320x317.jpg\" alt=\"https:\/\/foroaduanero.representantesaduaneros.com\/wp-content\/uploads\/2026\/04\/foto-hombre-320x317.jpg\"><\/div><\/div><div class=\"btText\" ><p class=\"x_MsoNormal\" style=\"text-align: center;\"><b><span lang=\"PT\" data-olk-copy-source=\"MessageBody\">RICARDO REUS<\/span><\/b><\/p>\n<\/div><div class=\"btText\" ><p class=\"x_MsoNormal\" style=\"text-align: center;\"><span lang=\"PT\" data-olk-copy-source=\"MessageBody\">C<\/span><span lang=\"PT\">hefe da Divis\u00e3o de Regimes Aduaneiros<\/span><span lang=\"PT\">,<\/span><span lang=\"PT\">na\u00a0Dire\u00e7\u00e3o de Servi\u00e7os de Regula\u00e7\u00e3o Aduaneira (DSRA)\u00a0da\u00a0Autoridade Tribut\u00e1ria e Aduaneira (AT)<\/span><\/p>\n<\/div><\/div><\/div><\/div><\/div><div class=\"boldRow \" ><div class=\"boldRowInner\"><div class=\"rowItem col-md-3 col-sm-6 col-ms-12 btTextCenter inherit\"  data-width=\"3\"><div class=\"rowItemContent\" ><div class=\"bpgPhoto  btHasTitles\"  style=\"width: 300px; height: 300px;\"><div class=\"btImage\"><img decoding=\"async\" src=\"https:\/\/foroaduanero.representantesaduaneros.com\/wp-content\/uploads\/2026\/07\/FOTO-MARI-CARMEN-GONZALEZ-MARTIN-320x375.jpg\" alt=\"https:\/\/foroaduanero.representantesaduaneros.com\/wp-content\/uploads\/2026\/07\/FOTO-MARI-CARMEN-GONZALEZ-MARTIN-320x375.jpg\"><\/div><\/div><div class=\"btText\" ><p style=\"text-align: center;\"><b><span data-olk-copy-source=\"MessageBody\">CARMEN GONZ\u00c1LEZ MART\u00cdN<\/span><\/b><\/p>\n<\/div><div class=\"btText\" ><p class=\"x_MsoNormal\" style=\"text-align: center;\" data-olk-copy-source=\"MessageBody\">Subdiretora-Geral de Acordos Sanit\u00e1rios e Controlo nas Fronteiras<\/p>\n<\/div><\/div><\/div><div class=\"rowItem col-md-3 col-sm-6 col-ms-12 btTextCenter inherit\"  data-width=\"3\"><div class=\"rowItemContent\" ><div class=\"bpgPhoto  btHasTitles\"  style=\"width: 300px; height: 300px;\"><div class=\"btImage\"><img decoding=\"async\" src=\"https:\/\/foroaduanero.representantesaduaneros.com\/wp-content\/uploads\/2026\/07\/foto-1-1-320x320.jpg\" alt=\"https:\/\/foroaduanero.representantesaduaneros.com\/wp-content\/uploads\/2026\/07\/foto-1-1-320x320.jpg\"><\/div><\/div><div class=\"btText\" ><p style=\"text-align: center;\"><b>JORDI TORRENT PUJOL<\/b><\/p>\n<\/div><div class=\"btText\" ><p class=\"x_MsoNormal\" style=\"text-align: center;\" data-olk-copy-source=\"MessageBody\"><span data-olk-copy-source=\"MessageBody\">Secret\u00e1rio-Geral da Associa\u00e7\u00e3o Mediterr\u00e2nica de Portos e consultor no setor da log\u00edstica, portu\u00e1rio e dos transportes<\/span><\/p>\n<\/div><\/div><\/div><div class=\"rowItem col-md-3 col-sm-6 col-ms-12 btTextCenter inherit\"  data-width=\"3\"><div class=\"rowItemContent\" ><div class=\"bpgPhoto  btHasTitles\"  style=\"width: 300px; height: 300px;\"><div class=\"btImage\"><img decoding=\"async\" src=\"https:\/\/foroaduanero.representantesaduaneros.com\/wp-content\/uploads\/2026\/04\/foto-hombre-320x317.jpg\" alt=\"https:\/\/foroaduanero.representantesaduaneros.com\/wp-content\/uploads\/2026\/04\/foto-hombre-320x317.jpg\"><\/div><\/div><div class=\"btText\" ><p style=\"text-align: center;\"><b><span lang=\"pt\" data-olk-copy-source=\"MessageBody\">JOS\u00c9 PEDRO TEIXEIRA FERNANDES<\/span><\/b><\/p>\n<\/div><div class=\"btText\" ><p style=\"text-align: center;\"><span data-olk-copy-source=\"MessageBody\">Investigador do IPRI\/NOVA\u2014Instituto Portugu\u00eas de Rela\u00e7\u00f5es Internacionais, investigador associado do IDN\u2014Instituto da Defesa Nacional e professor do ISCET\u2014Instituto Superior de Ci\u00eancias Empresariais e do Turismo na \u00e1rea das Rela\u00e7\u00f5es Internacionais.<\/span><\/p>\n<\/div><\/div><\/div><div class=\"rowItem col-md-3 col-sm-6 col-ms-12 btTextCenter inherit\"  data-width=\"3\"><div class=\"rowItemContent\" ><div class=\"bpgPhoto  btHasTitles\"  style=\"width: 300px; height: 300px;\"><div class=\"btImage\"><img decoding=\"async\" src=\"https:\/\/foroaduanero.representantesaduaneros.com\/wp-content\/uploads\/2026\/07\/Cecilio-2-320x320.png\" alt=\"https:\/\/foroaduanero.representantesaduaneros.com\/wp-content\/uploads\/2026\/07\/Cecilio-2-320x320.png\"><\/div><\/div><div class=\"btText\" ><p style=\"text-align: center;\"><b><span data-olk-copy-source=\"MessageBody\">CECILIO LABRADA CAPARR\u00d3S<\/span><\/b><\/p>\n<\/div><div class=\"btText\" ><p style=\"text-align: center;\"><span data-olk-copy-source=\"MessageBody\">Respons\u00e1vel pelo\u00a0<span class=\"markyysuoc1uc sbNPW\" data-markjs=\"true\">Desenvolvimento<\/span>\u00a0de Neg\u00f3cios na Visual Trans.<\/span><\/p>\n<\/div><\/div><\/div><\/div><\/div><div class=\"boldRow \" ><div class=\"boldRowInner\"><div class=\"rowItem col-md-12 col-ms-12  btTextCenter inherit\"  data-width=\"12\"><div class=\"rowItemContent\" ><div class=\"btClear btSeparator bottomSmallSpaced noBorder\" ><hr><\/div><\/div><\/div><\/div><\/div><div class=\"boldRow \" ><div class=\"boldRowInner\"><div class=\"rowItem col-md-3 col-sm-6 col-ms-12 btTextCenter inherit\"  data-width=\"3\"><div class=\"rowItemContent\" ><div class=\"bpgPhoto  btHasTitles\"  style=\"width: 300px; height: 300px;\"><div class=\"btImage\"><img decoding=\"async\" src=\"https:\/\/foroaduanero.representantesaduaneros.com\/wp-content\/uploads\/2026\/07\/sgonzalez-4-1-320x320.jpg\" alt=\"https:\/\/foroaduanero.representantesaduaneros.com\/wp-content\/uploads\/2026\/07\/sgonzalez-4-1-320x320.jpg\"><\/div><\/div><div class=\"btText\" ><p style=\"text-align: center;\"><b><span data-olk-copy-source=\"MessageBody\">SANTIAGO GONZ\u00c1LEZ FIGUEROA<\/span><\/b><\/p>\n<\/div><div class=\"btText\" ><p style=\"text-align: center;\"><span data-olk-copy-source=\"MessageBody\">Respons\u00e1vel pelo\u00a0<span class=\"markyysuoc1uc sbNPW\" data-markjs=\"true\">Desenvolvimento<\/span>\u00a0da \u00e1rea Aduaneira na Visual Trans.<\/span><\/p>\n<\/div><\/div><\/div><div class=\"rowItem col-md-3 col-sm-6 col-ms-12 btTextCenter inherit\"  data-width=\"3\"><div class=\"rowItemContent\" ><div class=\"bpgPhoto  btHasTitles\"  style=\"width: 300px; height: 300px;\"><div class=\"btImage\"><img decoding=\"async\" src=\"https:\/\/foroaduanero.representantesaduaneros.com\/wp-content\/uploads\/2026\/07\/Julian-Conthe-Yoldi-1-320x320.jpg\" alt=\"https:\/\/foroaduanero.representantesaduaneros.com\/wp-content\/uploads\/2026\/07\/Julian-Conthe-Yoldi-1-320x320.jpg\"><\/div><\/div><div class=\"btText\" ><p style=\"text-align: center;\"><strong>JULI\u00c1N CONTHE YOLDI<\/strong><\/p>\n<\/div><div class=\"btText\" ><p style=\"text-align: center;\" data-olk-copy-source=\"MessageBody\"><span data-olk-copy-source=\"MessageBody\">Diretor-Geral de Pol\u00edtica Comercial e Seguran\u00e7a Econ\u00f3mica<\/span><\/p>\n<\/div><\/div><\/div><div class=\"rowItem col-md-3 col-sm-6 col-ms-12 btTextCenter inherit\"  data-width=\"3\"><div class=\"rowItemContent\" ><div class=\"bpgPhoto  btHasTitles\"  style=\"width: 300px; height: 300px;\"><div class=\"btImage\"><img decoding=\"async\" src=\"https:\/\/foroaduanero.representantesaduaneros.com\/wp-content\/uploads\/2026\/07\/IMG_0129-copia-2-320x320.jpg\" alt=\"https:\/\/foroaduanero.representantesaduaneros.com\/wp-content\/uploads\/2026\/07\/IMG_0129-copia-2-320x320.jpg\"><\/div><\/div><div class=\"btText\" ><p style=\"text-align: center;\"><strong>JORDI SOL\u00c9 TUY\u00c0<\/strong><\/p>\n<\/div><div class=\"btText\" ><p style=\"text-align: center;\" data-olk-copy-source=\"MessageBody\"><span data-olk-copy-source=\"MessageBody\">Diretor Executivo da Kreedit Financiamiento Empresarial.<\/span><\/p>\n<\/div><\/div><\/div><div class=\"rowItem col-md-3 col-sm-6 col-ms-12 btTextCenter inherit\"  data-width=\"3\"><div class=\"rowItemContent\" ><div class=\"bpgPhoto  btHasTitles\"  style=\"width: 300px; height: 300px;\"><div class=\"btImage\"><img decoding=\"async\" src=\"https:\/\/foroaduanero.representantesaduaneros.com\/wp-content\/uploads\/2026\/04\/foto-hombre-320x317.jpg\" alt=\"https:\/\/foroaduanero.representantesaduaneros.com\/wp-content\/uploads\/2026\/04\/foto-hombre-320x317.jpg\"><\/div><\/div><div class=\"btText\" ><p style=\"text-align: center;\"><b><span lang=\"pt\" data-olk-copy-source=\"MessageBody\">PEDRO DO \u00d3 RAMOS<\/span><\/b><\/p>\n<\/div><div class=\"btText\" ><p style=\"text-align: center;\"><span lang=\"pt\" data-olk-copy-source=\"MessageBody\">Presidente da Administra\u00e7\u00e3o do Porto de Sines e do Algarve.<b><\/b><\/span><\/p>\n<\/div><\/div><\/div><\/div><\/div><div class=\"boldRow \" ><div class=\"boldRowInner\"><div class=\"rowItem col-md-12 col-ms-12  btTextCenter inherit\"  data-width=\"12\"><div class=\"rowItemContent\" ><div class=\"btClear btSeparator bottomSmallSpaced noBorder\" ><hr><\/div><\/div><\/div><\/div><\/div><\/div><\/div><\/div><\/section><section id=\"bt_section6a989ec233f15\"  class=\"boldSection topSpaced gutter inherit\" ><div class=\"port\"><div class=\"boldCell\"><div class=\"boldCellInner\"><div class=\"boldRow \" ><div class=\"boldRowInner\"><div class=\"rowItem col-md-6 col-sm-12 btTextLeft\"  data-width=\"6\"><div class=\"rowItemContent\" ><header class=\"header btClear extralarge btDash bottomDash\" ><div class=\"btSuperTitle\">INFORMA\u00c7\u00c3O E CONTACTO<\/div><\/header><div class=\"btClear btSeparator topExtraSmallSpaced noBorder\" ><hr><\/div><div class=\"btText\" ><p><b>CONSELHO GERAL DOS COL\u00c9GIOS DE AGENTES ADUANEIROS DE ESPANHA<\/b><br \/>\nC\/ Doctor Fleming n\u00ba 46, 1\u00ba izqda 28036 Madrid<br \/>\nTel. 913 430 570 &#8211; Telem\u00f3vel +34 606 304 955 \u2013 E-mail: <a href=\"mailto:cgaa@representantesaduaneros.com\">cgaa@representantesaduaneros.com<\/a><br \/>\n<a href=\"https:\/\/representantesaduaneros.com\/\">Conselho Geral dos Agentes Aduaneiros | representantesaduaneros.com<\/a><\/p>\n<\/div><div class=\"btText\" ><\/div><\/div><\/div><div class=\"rowItem col-md-6 col-sm-12 btTextLeft\"  data-width=\"6\"><div class=\"rowItemContent\" ><header class=\"header btClear extralarge btDash bottomDash\" style=\"center\"><div class=\"btSuperTitle\">LOCAL DE REALIZA\u00c7\u00c3O<\/div><\/header><div class=\"btClear btSeparator topExtraSmallSpaced noBorder\" ><hr><\/div><div class=\"btText\" ><p>Altis Grand Hotel<\/p>\n<p>R. Castilho 11, 1269-072 Lisboa, Portugal<\/p>\n<\/div><\/div><\/div><\/div><\/div><\/div><\/div><\/div><\/section><section id=\"bt_section6a989ec2347c7\"  class=\"boldSection gutter\" ><div class=\"port\"><div class=\"boldCell\"><div class=\"boldCellInner\"><div class=\"boldRow \" ><div class=\"boldRowInner\"><div class=\"rowItem col-md-12 col-ms-12  btTextLeft\"  data-width=\"12\"><div class=\"rowItemContent\" ><div class=\"btClear btSeparator topSemiSpaced noBorder\" ><hr><\/div><\/div><\/div><\/div><\/div><\/div><\/div><\/div><\/section><section id=\"bt_section6a989ec234a39\"  class=\"boldSection gutter\" ><div class=\"port\"><div class=\"boldCell\"><div class=\"boldCellInner\"><div class=\"boldRow \" ><div class=\"boldRowInner\"><div class=\"rowItem col-md-12 col-ms-12  btTextLeft\"  data-width=\"12\"><div class=\"rowItemContent\" ><div class=\"btClear btSeparator topSemiSpaced noBorder\" ><hr><\/div><\/div><\/div><\/div><\/div><\/div><\/div><\/div><\/section><\/div>","protected":false},"excerpt":{"rendered":"","protected":false},"author":3,"featured_media":0,"parent":0,"menu_order":0,"comment_status":"closed","ping_status":"closed","template":"","meta":{"footnotes":"","_links_to":"","_links_to_target":""},"class_list":["post-3896","page","type-page","status-publish","hentry"],"yoast_head":"<!-- This site is optimized with the Yoast SEO plugin v28.4 - https:\/\/yoast.com\/product\/yoast-seo-wordpress\/ -->\n<title>Programa Lisboa - cgaa<\/title>\n<meta name=\"robots\" content=\"index, follow, max-snippet:-1, max-image-preview:large, max-video-preview:-1\" \/>\n<link rel=\"canonical\" href=\"https:\/\/foroaduanero.representantesaduaneros.com\/pt-pt\/programa-lisboa\/\" \/>\n<meta property=\"og:locale\" content=\"pt_PT\" \/>\n<meta property=\"og:type\" content=\"article\" \/>\n<meta property=\"og:title\" content=\"Programa Lisboa - cgaa\" \/>\n<meta property=\"og:url\" content=\"https:\/\/foroaduanero.representantesaduaneros.com\/pt-pt\/programa-lisboa\/\" \/>\n<meta property=\"og:site_name\" content=\"cgaa\" \/>\n<meta property=\"article:modified_time\" content=\"2026-08-10T12:19:19+00:00\" \/>\n<meta name=\"twitter:card\" content=\"summary_large_image\" \/>\n<meta name=\"twitter:label1\" content=\"Tempo estimado de leitura\" \/>\n\t<meta name=\"twitter:data1\" content=\"2 minutos\" \/>\n<script type=\"application\/ld+json\" class=\"yoast-schema-graph\">{\"@context\":\"https:\\\/\\\/schema.org\",\"@graph\":[{\"@type\":\"WebPage\",\"@id\":\"https:\\\/\\\/foroaduanero.representantesaduaneros.com\\\/pt-pt\\\/programa-lisboa\\\/\",\"url\":\"https:\\\/\\\/foroaduanero.representantesaduaneros.com\\\/pt-pt\\\/programa-lisboa\\\/\",\"name\":\"Programa Lisboa - cgaa\",\"isPartOf\":{\"@id\":\"https:\\\/\\\/foroaduanero.representantesaduaneros.com\\\/pt-pt\\\/#website\"},\"datePublished\":\"2026-04-08T15:18:02+00:00\",\"dateModified\":\"2026-08-10T12:19:19+00:00\",\"breadcrumb\":{\"@id\":\"https:\\\/\\\/foroaduanero.representantesaduaneros.com\\\/pt-pt\\\/programa-lisboa\\\/#breadcrumb\"},\"inLanguage\":\"pt-PT\",\"potentialAction\":[{\"@type\":\"ReadAction\",\"target\":[\"https:\\\/\\\/foroaduanero.representantesaduaneros.com\\\/pt-pt\\\/programa-lisboa\\\/\"]}]},{\"@type\":\"BreadcrumbList\",\"@id\":\"https:\\\/\\\/foroaduanero.representantesaduaneros.com\\\/pt-pt\\\/programa-lisboa\\\/#breadcrumb\",\"itemListElement\":[{\"@type\":\"ListItem\",\"position\":1,\"name\":\"Portada\",\"item\":\"https:\\\/\\\/foroaduanero.representantesaduaneros.com\\\/pt-pt\\\/\"},{\"@type\":\"ListItem\",\"position\":2,\"name\":\"Programa Lisboa\"}]},{\"@type\":\"WebSite\",\"@id\":\"https:\\\/\\\/foroaduanero.representantesaduaneros.com\\\/pt-pt\\\/#website\",\"url\":\"https:\\\/\\\/foroaduanero.representantesaduaneros.com\\\/pt-pt\\\/\",\"name\":\"cgaa\",\"description\":\"foroaduanero.representantesaduaneros.com\",\"potentialAction\":[{\"@type\":\"SearchAction\",\"target\":{\"@type\":\"EntryPoint\",\"urlTemplate\":\"https:\\\/\\\/foroaduanero.representantesaduaneros.com\\\/pt-pt\\\/?s={search_term_string}\"},\"query-input\":{\"@type\":\"PropertyValueSpecification\",\"valueRequired\":true,\"valueName\":\"search_term_string\"}}],\"inLanguage\":\"pt-PT\"}]}<\/script>\n<!-- \/ Yoast SEO plugin. -->","yoast_head_json":{"title":"Programa Lisboa - cgaa","robots":{"index":"index","follow":"follow","max-snippet":"max-snippet:-1","max-image-preview":"max-image-preview:large","max-video-preview":"max-video-preview:-1"},"canonical":"https:\/\/foroaduanero.representantesaduaneros.com\/pt-pt\/programa-lisboa\/","og_locale":"pt_PT","og_type":"article","og_title":"Programa Lisboa - cgaa","og_url":"https:\/\/foroaduanero.representantesaduaneros.com\/pt-pt\/programa-lisboa\/","og_site_name":"cgaa","article_modified_time":"2026-08-10T12:19:19+00:00","twitter_card":"summary_large_image","twitter_misc":{"Tempo estimado de leitura":"2 minutos"},"schema":{"@context":"https:\/\/schema.org","@graph":[{"@type":"WebPage","@id":"https:\/\/foroaduanero.representantesaduaneros.com\/pt-pt\/programa-lisboa\/","url":"https:\/\/foroaduanero.representantesaduaneros.com\/pt-pt\/programa-lisboa\/","name":"Programa Lisboa - cgaa","isPartOf":{"@id":"https:\/\/foroaduanero.representantesaduaneros.com\/pt-pt\/#website"},"datePublished":"2026-04-08T15:18:02+00:00","dateModified":"2026-08-10T12:19:19+00:00","breadcrumb":{"@id":"https:\/\/foroaduanero.representantesaduaneros.com\/pt-pt\/programa-lisboa\/#breadcrumb"},"inLanguage":"pt-PT","potentialAction":[{"@type":"ReadAction","target":["https:\/\/foroaduanero.representantesaduaneros.com\/pt-pt\/programa-lisboa\/"]}]},{"@type":"BreadcrumbList","@id":"https:\/\/foroaduanero.representantesaduaneros.com\/pt-pt\/programa-lisboa\/#breadcrumb","itemListElement":[{"@type":"ListItem","position":1,"name":"Portada","item":"https:\/\/foroaduanero.representantesaduaneros.com\/pt-pt\/"},{"@type":"ListItem","position":2,"name":"Programa Lisboa"}]},{"@type":"WebSite","@id":"https:\/\/foroaduanero.representantesaduaneros.com\/pt-pt\/#website","url":"https:\/\/foroaduanero.representantesaduaneros.com\/pt-pt\/","name":"cgaa","description":"foroaduanero.representantesaduaneros.com","potentialAction":[{"@type":"SearchAction","target":{"@type":"EntryPoint","urlTemplate":"https:\/\/foroaduanero.representantesaduaneros.com\/pt-pt\/?s={search_term_string}"},"query-input":{"@type":"PropertyValueSpecification","valueRequired":true,"valueName":"search_term_string"}}],"inLanguage":"pt-PT"}]}},"_links":{"self":[{"href":"https:\/\/foroaduanero.representantesaduaneros.com\/pt-pt\/wp-json\/wp\/v2\/pages\/3896","targetHints":{"allow":["GET"]}}],"collection":[{"href":"https:\/\/foroaduanero.representantesaduaneros.com\/pt-pt\/wp-json\/wp\/v2\/pages"}],"about":[{"href":"https:\/\/foroaduanero.representantesaduaneros.com\/pt-pt\/wp-json\/wp\/v2\/types\/page"}],"author":[{"embeddable":true,"href":"https:\/\/foroaduanero.representantesaduaneros.com\/pt-pt\/wp-json\/wp\/v2\/users\/3"}],"replies":[{"embeddable":true,"href":"https:\/\/foroaduanero.representantesaduaneros.com\/pt-pt\/wp-json\/wp\/v2\/comments?post=3896"}],"version-history":[{"count":9,"href":"https:\/\/foroaduanero.representantesaduaneros.com\/pt-pt\/wp-json\/wp\/v2\/pages\/3896\/revisions"}],"predecessor-version":[{"id":4327,"href":"https:\/\/foroaduanero.representantesaduaneros.com\/pt-pt\/wp-json\/wp\/v2\/pages\/3896\/revisions\/4327"}],"wp:attachment":[{"href":"https:\/\/foroaduanero.representantesaduaneros.com\/pt-pt\/wp-json\/wp\/v2\/media?parent=3896"}],"curies":[{"name":"wp","href":"https:\/\/api.w.org\/{rel}","templated":true}]}}