{"id":3875,"date":"2026-04-08T15:37:09","date_gmt":"2026-04-08T15:37:09","guid":{"rendered":"https:\/\/foroaduanero.representantesaduaneros.com\/programa-acompanantes-lisboa\/"},"modified":"2026-06-23T08:57:19","modified_gmt":"2026-06-23T08:57:19","slug":"programa-acompanantes-lisboa","status":"publish","type":"page","link":"https:\/\/foroaduanero.representantesaduaneros.com\/pt-pt\/programa-acompanantes-lisboa\/","title":{"rendered":"Programa acompanhantes Lisboa"},"content":{"rendered":"<div class=\"bt_rc_container\"><section id=\"bt_section6a972901bb806\" data-parallax=\"0.1\" data-parallax-offset=\"0\" class=\"boldSection topSpaced bottomSpaced btLightSkin gutter btBottomVertical btParallax\" ><div class=\"port\"><div class=\"boldCell\"><div class=\"boldCellInner\"><div class=\"boldRow \" ><div class=\"boldRowInner\"><div class=\"rowItem col-md-12 col-ms-12  btTextLeft inherit\"  data-width=\"12\"><div class=\"rowItemContent\" ><\/div><\/div><\/div><\/div><\/div><\/div><\/div><\/section><section id=\"bt_section6a972901bc692\" data-parallax=\"0.1\" data-parallax-offset=\"0\" class=\"boldSection bottomSmallSpaced btLightSkin gutter btBottomVertical btParallax\" ><div class=\"port\"><div class=\"boldCell\"><div class=\"boldCellInner\"><div class=\"boldRow \" ><div class=\"boldRowInner\"><div class=\"rowItem col-md-12 col-ms-12  btTextCenter inherit\"  data-width=\"12\"><div class=\"rowItemContent\" ><div class=\"bpgPhoto \" ><div class=\"btImage\"><img decoding=\"async\" src=\"https:\/\/foroaduanero.representantesaduaneros.com\/wp-content\/uploads\/2026\/04\/XXI-FORO-ADUANERO-2.png\" alt=\"https:\/\/foroaduanero.representantesaduaneros.com\/wp-content\/uploads\/2026\/04\/XXI-FORO-ADUANERO-2.png\"><\/div><\/div><div class=\"btClear btSeparator noBorder\" ><hr><\/div><header class=\"header btClear small btDash bottomDash\" ><div class=\"dash\"><h4><span class=\"headline\">PROGRAMA ACOMPANHANTES<\/span><\/h4><\/div><\/header><div class=\"btClear btSeparator topSpaced noBorder\" ><hr><\/div><\/div><\/div><\/div><\/div><\/div><\/div><\/div><\/section><section id=\"bt_section6a972901be921\"  class=\"boldSection gutter inherit\" ><div class=\"port\"><div class=\"boldCell\"><div class=\"boldCellInner\"><div class=\"boldRow \" ><div class=\"boldRowInner\"><div class=\"rowItem col-md-12 col-ms-12  btTextLeft\"  data-width=\"12\"><div class=\"rowItemContent\" ><div class=\"btTabs tabsVertical\" data-open-first=\"yes\"  data-open-one=\"yes\"><ul class=\"tabsHeader\"><li><span>SEXTA-FEIRA, 13 DE NOVEMBRO<\/span><\/li><\/ul><div class=\"tabPanes accordionPanes\"><div class=\"tabPane\">\r\n\t\t\t<div class=\"tabAccordionTitle\"><span>SEXTA-FEIRA, 13 DE NOVEMBRO<\/span><\/div>\r\n\t\t\t<div class=\"tabAccordionContent\"><div class=\"boldRow \" ><div class=\"boldRowInner\"><div class=\"rowItem rowInnerItem col-ms-6  btTextLeft inherit\"  ><div class=\"rowItemContent\"><div class=\"btText\" ><\/div><header class=\"header btClear small\" ><div class=\"dash\"><h4><span class=\"headline\">VISITA GUIADA \u2013 SINTRA, CABO DA ROCA E CASCAIS<\/span><\/h4><\/div><div class=\"btSubTitle\">Esta excurs\u00e3o leva os participantes a descobrir alguns dos locais mais emblem\u00e1ticos dos arredores de Lisboa. A visita come\u00e7a em Sintra, conhecida pelo seu ambiente rom\u00e2ntico, pelas suas ruas hist\u00f3ricas e pela sua arquitetura \u00fanica. A partir da\u00ed, o percurso continua at\u00e9 ao Cabo da Roca, o ponto mais ocidental da Europa continental, onde as fal\u00e9sias e as vistas sobre o Atl\u00e2ntico oferecem uma das paisagens mais impressionantes de Portugal.\r<br>\r<br>O dia termina em Cascais, uma encantadora localidade costeira com ruas elegantes, vistas para o mar e um ambiente descontra\u00eddo. \u00c9 uma oportunidade perfeita para descobrir uma faceta diferente da regi\u00e3o de Lisboa, combinando hist\u00f3ria, natureza e costa atl\u00e2ntica numa visita inesquec\u00edvel.<\/div><\/header><div class=\"btClear btSeparator topSemiSpaced bottomSmallSpaced noBorder\" ><hr><\/div><div class=\"btText\" ><p><img decoding=\"async\" class=\"alignnone size-full wp-image-3795\" src=\"https:\/\/foroaduanero.representantesaduaneros.com\/wp-content\/uploads\/2026\/04\/banner-direccion-hotel-3.png\" alt=\"\" width=\"320\" height=\"64\" \/><\/p>\n<\/div><div class=\"bpgPhoto \"  style=\"display: none !important;\"><div class=\"btImage\"><img decoding=\"async\" src=\"\" alt=\"\"><\/div><\/div><div class=\"btClear btSeparator topSemiSpaced bottomSmallSpaced noBorder\" ><hr><\/div><div class=\"bpgPhoto \"  style=\"display: none !important;\"><div class=\"btImage\"><img decoding=\"async\" src=\"\" alt=\"\"><\/div><\/div><div class=\"btClear btSeparator topSemiSpaced bottomSmallSpaced noBorder\" ><hr><\/div><div class=\"bpgPhoto \"  style=\"display: none !important;\"><div class=\"btImage\"><img decoding=\"async\" src=\"\" alt=\"\"><\/div><\/div><\/div><\/div><div class=\"rowItem rowInnerItem col-ms-6  btTextLeft inherit\"  ><div class=\"rowItemContent\"><div class=\"btClear btSeparator topSemiSpaced bottomSmallSpaced noBorder\"  style=\"display:none !important;\"><hr><\/div><div class=\"bpgPhoto \" ><div class=\"btImage\"><img decoding=\"async\" src=\"https:\/\/foroaduanero.representantesaduaneros.com\/wp-content\/uploads\/2026\/04\/viernes.jpg\" alt=\"https:\/\/foroaduanero.representantesaduaneros.com\/wp-content\/uploads\/2026\/04\/viernes.jpg\"><\/div><\/div><div class=\"btClear btSeparator topSemiSpaced bottomSmallSpaced noBorder\" ><hr><\/div><div class=\"bpgPhoto \" ><div class=\"btImage\"><img decoding=\"async\" src=\"\" alt=\"\"><\/div><\/div><div class=\"btClear btSeparator topSemiSpaced bottomSmallSpaced noBorder\" ><hr><\/div><div class=\"bpgPhoto \"  style=\"display: none !important;\"><div class=\"btImage\"><img decoding=\"async\" src=\"\" alt=\"\"><\/div><\/div><\/div><\/div><\/div><\/div><div class=\"btClear btSeparator topSemiSpaced bottomSmallSpaced noBorder\" ><hr><\/div><\/div>\r\n\t\t<\/div><\/div><\/div><div class=\"btTabs tabsVertical\" data-open-first=\"yes\"  data-open-one=\"yes\"><ul class=\"tabsHeader\"><li><span>S\u00c1BADO, 14 DE NOVEMBRO<\/span><\/li><\/ul><div class=\"tabPanes accordionPanes\"><div class=\"tabPane\">\r\n\t\t\t<div class=\"tabAccordionTitle\"><span>S\u00c1BADO, 14 DE NOVEMBRO<\/span><\/div>\r\n\t\t\t<div class=\"tabAccordionContent\"><div class=\"boldRow \" ><div class=\"boldRowInner\"><div class=\"rowItem rowInnerItem col-ms-6  btTextLeft inherit\"  ><div class=\"rowItemContent\"><div class=\"btText\" ><\/div><header class=\"header btClear small\" ><div class=\"dash\"><h4><span class=\"headline\">VISITA GUIADA AO CENTRO HIST\u00d3RICO DE LISBOA<\/span><\/h4><\/div><div class=\"btSubTitle\">Este percurso oferece aos participantes a oportunidade de descobrir Lisboa atrav\u00e9s da sua hist\u00f3ria, da sua cultura e das suas vistas mais emblem\u00e1ticas. A visita decorre por algumas das zonas mais representativas da cidade, onde os bairros hist\u00f3ricos, os monumentos e os miradouros contam a hist\u00f3ria da capital portuguesa.\r<br>\r<br>Desde as suas ruas tradicionais at\u00e9 aos emblem\u00e1ticos espa\u00e7os junto ao rio, Lisboa \u00e9 uma cidade cheia de car\u00e1cter e contrastes. Esta excurs\u00e3o \u00e9 ideal para quem deseja conhecer melhor a cidade, desfrutar do seu ambiente e descobrir alguns dos locais que fazem de Lisboa um destino t\u00e3o especial.<\/div><\/header><div class=\"btClear btSeparator topSemiSpaced bottomSmallSpaced noBorder\" ><hr><\/div><div class=\"btText\" ><p><img decoding=\"async\" class=\"alignnone size-full wp-image-3795\" src=\"https:\/\/foroaduanero.representantesaduaneros.com\/wp-content\/uploads\/2026\/04\/banner-direccion-hotel-3.png\" alt=\"\" width=\"320\" height=\"64\" \/><\/p>\n<\/div><div class=\"btClear btSeparator topSemiSpaced bottomSmallSpaced noBorder\" ><hr><\/div><div class=\"bpgPhoto \"  style=\"display: none !important;\"><div class=\"btImage\"><img decoding=\"async\" src=\"\" alt=\"\"><\/div><\/div><div class=\"btClear btSeparator topSemiSpaced bottomSmallSpaced noBorder\" ><hr><\/div><\/div><\/div><div class=\"rowItem rowInnerItem col-ms-6  btTextLeft inherit\"  ><div class=\"rowItemContent\"><div class=\"bpgPhoto \" ><div class=\"btImage\"><img decoding=\"async\" src=\"https:\/\/foroaduanero.representantesaduaneros.com\/wp-content\/uploads\/2026\/04\/sabado.jpg\" alt=\"https:\/\/foroaduanero.representantesaduaneros.com\/wp-content\/uploads\/2026\/04\/sabado.jpg\"><\/div><\/div><div class=\"btClear btSeparator topSemiSpaced bottomSmallSpaced noBorder\" ><hr><\/div><div class=\"bpgPhoto \" ><div class=\"btImage\"><img decoding=\"async\" src=\"\" alt=\"\"><\/div><\/div><\/div><\/div><\/div><\/div><div class=\"btClear btSeparator topSemiSpaced bottomSmallSpaced noBorder\" ><hr><\/div><\/div>\r\n\t\t<\/div><\/div><\/div><\/div><\/div><\/div><\/div><\/div><\/div><\/div><\/section><section id=\"bt_section6a972901c58aa\"  class=\"boldSection topSpaced gutter inherit\" ><div class=\"port\"><div class=\"boldCell\"><div class=\"boldCellInner\"><div class=\"boldRow \" ><div class=\"boldRowInner\"><div class=\"rowItem col-md-6 col-sm-12 btTextLeft\"  data-width=\"6\"><div class=\"rowItemContent\" ><header class=\"header btClear extralarge btDash bottomDash\" ><div class=\"btSuperTitle\">INFORMA\u00c7\u00c3O E CONTACTO<\/div><\/header><div class=\"btClear btSeparator topExtraSmallSpaced noBorder\" ><hr><\/div><div class=\"btText\" ><p><strong>CONSELHO GERAL DOS COL\u00c9GIOS DE AGENTES ADUANEIROS DE ESPANHA<\/strong><\/p>\n<p>C\/ Doctor Fleming, 46, 1\u00ba izqda. 28036 Madrid<br \/>\nTel. 913 430 570 &#8211; Telem\u00f3vel. +34 606 304 955 \u2013 E-mail: <a href=\"mailto:cgaa@representantesaduaneros.com\">cgaa@representantesaduaneros.com<\/a><br \/>\n<a href=\"https:\/\/representantesaduaneros.com\/\">Conselho Geral dos Agentes Aduaneiros | representantesaduaneros.com<\/a><\/p>\n<\/div><div class=\"btText\" ><\/div><\/div><\/div><div class=\"rowItem col-md-6 col-sm-12 btTextLeft\"  data-width=\"6\"><div class=\"rowItemContent\" ><header class=\"header btClear extralarge btDash bottomDash\" ><div class=\"btSuperTitle\">LOCAL DE REALIZA\u00c7\u00c3O<\/div><\/header><div class=\"btClear btSeparator topExtraSmallSpaced noBorder\" ><hr><\/div><div class=\"btText\" ><p>Altis Grand Hotel<\/p>\n<p>R. Castilho 11, 1269-072 Lisboa, Portugal<\/p>\n<\/div><div class=\"btText\" ><\/div><\/div><\/div><\/div><\/div><\/div><\/div><\/div><\/section><section id=\"bt_section6a972901c66ec\"  class=\"boldSection gutter\" ><div class=\"port\"><div class=\"boldCell\"><div class=\"boldCellInner\"><div class=\"boldRow \" ><div class=\"boldRowInner\"><div class=\"rowItem col-md-12 col-ms-12  btTextLeft\"  data-width=\"12\"><div class=\"rowItemContent\" ><div class=\"btClear btSeparator topSemiSpaced noBorder\" ><hr><\/div><\/div><\/div><\/div><\/div><\/div><\/div><\/div><\/section><\/div>","protected":false},"excerpt":{"rendered":"","protected":false},"author":3,"featured_media":0,"parent":0,"menu_order":0,"comment_status":"closed","ping_status":"closed","template":"","meta":{"footnotes":"","_links_to":"","_links_to_target":""},"class_list":["post-3875","page","type-page","status-publish","hentry"],"yoast_head":"<!-- This site is optimized with the Yoast SEO plugin v28.4 - https:\/\/yoast.com\/product\/yoast-seo-wordpress\/ -->\n<title>Programa acompanhantes Lisboa - cgaa<\/title>\n<meta name=\"robots\" content=\"index, follow, max-snippet:-1, max-image-preview:large, max-video-preview:-1\" \/>\n<link rel=\"canonical\" href=\"https:\/\/foroaduanero.representantesaduaneros.com\/pt-pt\/programa-acompanantes-lisboa\/\" \/>\n<meta property=\"og:locale\" content=\"pt_PT\" \/>\n<meta property=\"og:type\" content=\"article\" \/>\n<meta property=\"og:title\" content=\"Programa acompanhantes Lisboa - cgaa\" \/>\n<meta property=\"og:url\" content=\"https:\/\/foroaduanero.representantesaduaneros.com\/pt-pt\/programa-acompanantes-lisboa\/\" \/>\n<meta property=\"og:site_name\" content=\"cgaa\" \/>\n<meta property=\"article:modified_time\" content=\"2026-06-23T08:57:19+00:00\" \/>\n<meta property=\"og:image\" content=\"https:\/\/foroaduanero.representantesaduaneros.com\/wp-content\/uploads\/2026\/04\/banner-direccion-hotel-3.png\" \/>\n<meta name=\"twitter:card\" content=\"summary_large_image\" \/>\n<meta name=\"twitter:label1\" content=\"Tempo estimado de leitura\" \/>\n\t<meta name=\"twitter:data1\" content=\"3 minutos\" \/>\n<script type=\"application\/ld+json\" class=\"yoast-schema-graph\">{\"@context\":\"https:\\\/\\\/schema.org\",\"@graph\":[{\"@type\":\"WebPage\",\"@id\":\"https:\\\/\\\/foroaduanero.representantesaduaneros.com\\\/pt-pt\\\/programa-acompanantes-lisboa\\\/\",\"url\":\"https:\\\/\\\/foroaduanero.representantesaduaneros.com\\\/pt-pt\\\/programa-acompanantes-lisboa\\\/\",\"name\":\"Programa acompanhantes Lisboa - cgaa\",\"isPartOf\":{\"@id\":\"https:\\\/\\\/foroaduanero.representantesaduaneros.com\\\/pt-pt\\\/#website\"},\"primaryImageOfPage\":{\"@id\":\"https:\\\/\\\/foroaduanero.representantesaduaneros.com\\\/pt-pt\\\/programa-acompanantes-lisboa\\\/#primaryimage\"},\"image\":{\"@id\":\"https:\\\/\\\/foroaduanero.representantesaduaneros.com\\\/pt-pt\\\/programa-acompanantes-lisboa\\\/#primaryimage\"},\"thumbnailUrl\":\"https:\\\/\\\/foroaduanero.representantesaduaneros.com\\\/wp-content\\\/uploads\\\/2026\\\/04\\\/banner-direccion-hotel-3.png\",\"datePublished\":\"2026-04-08T15:37:09+00:00\",\"dateModified\":\"2026-06-23T08:57:19+00:00\",\"breadcrumb\":{\"@id\":\"https:\\\/\\\/foroaduanero.representantesaduaneros.com\\\/pt-pt\\\/programa-acompanantes-lisboa\\\/#breadcrumb\"},\"inLanguage\":\"pt-PT\",\"potentialAction\":[{\"@type\":\"ReadAction\",\"target\":[\"https:\\\/\\\/foroaduanero.representantesaduaneros.com\\\/pt-pt\\\/programa-acompanantes-lisboa\\\/\"]}]},{\"@type\":\"ImageObject\",\"inLanguage\":\"pt-PT\",\"@id\":\"https:\\\/\\\/foroaduanero.representantesaduaneros.com\\\/pt-pt\\\/programa-acompanantes-lisboa\\\/#primaryimage\",\"url\":\"https:\\\/\\\/foroaduanero.representantesaduaneros.com\\\/wp-content\\\/uploads\\\/2026\\\/04\\\/banner-direccion-hotel-3.png\",\"contentUrl\":\"https:\\\/\\\/foroaduanero.representantesaduaneros.com\\\/wp-content\\\/uploads\\\/2026\\\/04\\\/banner-direccion-hotel-3.png\"},{\"@type\":\"BreadcrumbList\",\"@id\":\"https:\\\/\\\/foroaduanero.representantesaduaneros.com\\\/pt-pt\\\/programa-acompanantes-lisboa\\\/#breadcrumb\",\"itemListElement\":[{\"@type\":\"ListItem\",\"position\":1,\"name\":\"Portada\",\"item\":\"https:\\\/\\\/foroaduanero.representantesaduaneros.com\\\/pt-pt\\\/\"},{\"@type\":\"ListItem\",\"position\":2,\"name\":\"Programa acompanhantes Lisboa\"}]},{\"@type\":\"WebSite\",\"@id\":\"https:\\\/\\\/foroaduanero.representantesaduaneros.com\\\/pt-pt\\\/#website\",\"url\":\"https:\\\/\\\/foroaduanero.representantesaduaneros.com\\\/pt-pt\\\/\",\"name\":\"cgaa\",\"description\":\"foroaduanero.representantesaduaneros.com\",\"potentialAction\":[{\"@type\":\"SearchAction\",\"target\":{\"@type\":\"EntryPoint\",\"urlTemplate\":\"https:\\\/\\\/foroaduanero.representantesaduaneros.com\\\/pt-pt\\\/?s={search_term_string}\"},\"query-input\":{\"@type\":\"PropertyValueSpecification\",\"valueRequired\":true,\"valueName\":\"search_term_string\"}}],\"inLanguage\":\"pt-PT\"}]}<\/script>\n<!-- \/ Yoast SEO plugin. -->","yoast_head_json":{"title":"Programa acompanhantes Lisboa - cgaa","robots":{"index":"index","follow":"follow","max-snippet":"max-snippet:-1","max-image-preview":"max-image-preview:large","max-video-preview":"max-video-preview:-1"},"canonical":"https:\/\/foroaduanero.representantesaduaneros.com\/pt-pt\/programa-acompanantes-lisboa\/","og_locale":"pt_PT","og_type":"article","og_title":"Programa acompanhantes Lisboa - cgaa","og_url":"https:\/\/foroaduanero.representantesaduaneros.com\/pt-pt\/programa-acompanantes-lisboa\/","og_site_name":"cgaa","article_modified_time":"2026-06-23T08:57:19+00:00","og_image":[{"url":"https:\/\/foroaduanero.representantesaduaneros.com\/wp-content\/uploads\/2026\/04\/banner-direccion-hotel-3.png","type":"","width":"","height":""}],"twitter_card":"summary_large_image","twitter_misc":{"Tempo estimado de leitura":"3 minutos"},"schema":{"@context":"https:\/\/schema.org","@graph":[{"@type":"WebPage","@id":"https:\/\/foroaduanero.representantesaduaneros.com\/pt-pt\/programa-acompanantes-lisboa\/","url":"https:\/\/foroaduanero.representantesaduaneros.com\/pt-pt\/programa-acompanantes-lisboa\/","name":"Programa acompanhantes Lisboa - cgaa","isPartOf":{"@id":"https:\/\/foroaduanero.representantesaduaneros.com\/pt-pt\/#website"},"primaryImageOfPage":{"@id":"https:\/\/foroaduanero.representantesaduaneros.com\/pt-pt\/programa-acompanantes-lisboa\/#primaryimage"},"image":{"@id":"https:\/\/foroaduanero.representantesaduaneros.com\/pt-pt\/programa-acompanantes-lisboa\/#primaryimage"},"thumbnailUrl":"https:\/\/foroaduanero.representantesaduaneros.com\/wp-content\/uploads\/2026\/04\/banner-direccion-hotel-3.png","datePublished":"2026-04-08T15:37:09+00:00","dateModified":"2026-06-23T08:57:19+00:00","breadcrumb":{"@id":"https:\/\/foroaduanero.representantesaduaneros.com\/pt-pt\/programa-acompanantes-lisboa\/#breadcrumb"},"inLanguage":"pt-PT","potentialAction":[{"@type":"ReadAction","target":["https:\/\/foroaduanero.representantesaduaneros.com\/pt-pt\/programa-acompanantes-lisboa\/"]}]},{"@type":"ImageObject","inLanguage":"pt-PT","@id":"https:\/\/foroaduanero.representantesaduaneros.com\/pt-pt\/programa-acompanantes-lisboa\/#primaryimage","url":"https:\/\/foroaduanero.representantesaduaneros.com\/wp-content\/uploads\/2026\/04\/banner-direccion-hotel-3.png","contentUrl":"https:\/\/foroaduanero.representantesaduaneros.com\/wp-content\/uploads\/2026\/04\/banner-direccion-hotel-3.png"},{"@type":"BreadcrumbList","@id":"https:\/\/foroaduanero.representantesaduaneros.com\/pt-pt\/programa-acompanantes-lisboa\/#breadcrumb","itemListElement":[{"@type":"ListItem","position":1,"name":"Portada","item":"https:\/\/foroaduanero.representantesaduaneros.com\/pt-pt\/"},{"@type":"ListItem","position":2,"name":"Programa acompanhantes Lisboa"}]},{"@type":"WebSite","@id":"https:\/\/foroaduanero.representantesaduaneros.com\/pt-pt\/#website","url":"https:\/\/foroaduanero.representantesaduaneros.com\/pt-pt\/","name":"cgaa","description":"foroaduanero.representantesaduaneros.com","potentialAction":[{"@type":"SearchAction","target":{"@type":"EntryPoint","urlTemplate":"https:\/\/foroaduanero.representantesaduaneros.com\/pt-pt\/?s={search_term_string}"},"query-input":{"@type":"PropertyValueSpecification","valueRequired":true,"valueName":"search_term_string"}}],"inLanguage":"pt-PT"}]}},"_links":{"self":[{"href":"https:\/\/foroaduanero.representantesaduaneros.com\/pt-pt\/wp-json\/wp\/v2\/pages\/3875","targetHints":{"allow":["GET"]}}],"collection":[{"href":"https:\/\/foroaduanero.representantesaduaneros.com\/pt-pt\/wp-json\/wp\/v2\/pages"}],"about":[{"href":"https:\/\/foroaduanero.representantesaduaneros.com\/pt-pt\/wp-json\/wp\/v2\/types\/page"}],"author":[{"embeddable":true,"href":"https:\/\/foroaduanero.representantesaduaneros.com\/pt-pt\/wp-json\/wp\/v2\/users\/3"}],"replies":[{"embeddable":true,"href":"https:\/\/foroaduanero.representantesaduaneros.com\/pt-pt\/wp-json\/wp\/v2\/comments?post=3875"}],"version-history":[{"count":0,"href":"https:\/\/foroaduanero.representantesaduaneros.com\/pt-pt\/wp-json\/wp\/v2\/pages\/3875\/revisions"}],"wp:attachment":[{"href":"https:\/\/foroaduanero.representantesaduaneros.com\/pt-pt\/wp-json\/wp\/v2\/media?parent=3875"}],"curies":[{"name":"wp","href":"https:\/\/api.w.org\/{rel}","templated":true}]}}