{"id":3866,"date":"2026-04-09T11:04:12","date_gmt":"2026-04-09T11:04:12","guid":{"rendered":"https:\/\/foroaduanero.representantesaduaneros.com\/programa-sociallisboa\/"},"modified":"2026-05-18T09:29:34","modified_gmt":"2026-05-18T09:29:34","slug":"programa-sociallisboa","status":"publish","type":"page","link":"https:\/\/foroaduanero.representantesaduaneros.com\/pt-pt\/programa-sociallisboa\/","title":{"rendered":"Programa social Lisboa"},"content":{"rendered":"<div class=\"bt_rc_container\"><section id=\"bt_section6a9740899d50a\" data-parallax=\"0.1\" data-parallax-offset=\"0\" class=\"boldSection topSpaced bottomSpaced btLightSkin gutter btBottomVertical btParallax\" ><div class=\"port\"><div class=\"boldCell\"><div class=\"boldCellInner\"><div class=\"boldRow \" ><div class=\"boldRowInner\"><div class=\"rowItem col-md-12 col-ms-12  btTextLeft inherit\"  data-width=\"12\"><div class=\"rowItemContent\" ><\/div><\/div><\/div><\/div><\/div><\/div><\/div><\/section><section id=\"bt_section6a9740899f312\" data-parallax=\"0.1\" data-parallax-offset=\"0\" class=\"boldSection bottomSpaced btLightSkin gutter btBottomVertical btParallax\" ><div class=\"port\"><div class=\"boldCell\"><div class=\"boldCellInner\"><div class=\"boldRow \" ><div class=\"boldRowInner\"><div class=\"rowItem col-md-12 col-ms-12  btTextCenter inherit\"  data-width=\"12\"><div class=\"rowItemContent\" ><div class=\"bpgPhoto \" ><div class=\"btImage\"><img decoding=\"async\" src=\"https:\/\/foroaduanero.representantesaduaneros.com\/wp-content\/uploads\/2026\/04\/XXI-FORO-ADUANERO-4.png\" alt=\"https:\/\/foroaduanero.representantesaduaneros.com\/wp-content\/uploads\/2026\/04\/XXI-FORO-ADUANERO-4.png\"><\/div><\/div><div class=\"btClear btSeparator bottomSemiSpaced noBorder\" ><hr><\/div><header class=\"header btClear small btDash bottomDash\" ><div class=\"dash\"><h4><span class=\"headline\">PROGRAMA SOCIAL<\/span><\/h4><\/div><\/header><\/div><\/div><\/div><\/div><\/div><\/div><\/div><\/section><section id=\"bt_section6a974089a274d\"  class=\"boldSection gutter inherit\" ><div class=\"port\"><div class=\"boldCell\"><div class=\"boldCellInner\"><div class=\"boldRow \" ><div class=\"boldRowInner\"><div class=\"rowItem col-md-12 col-ms-12  btTextLeft inherit\"  data-width=\"12\"><div class=\"rowItemContent\" ><div class=\"btText\" ><\/div><\/div><\/div><\/div><\/div><\/div><\/div><\/div><\/section><section id=\"bt_section6a974089a3950\"  class=\"boldSection gutter inherit\" ><div class=\"port\"><div class=\"boldCell\"><div class=\"boldCellInner\"><div class=\"boldRow \" ><div class=\"boldRowInner\"><div class=\"rowItem col-md-12 col-ms-12  btTextLeft\"  data-width=\"12\"><div class=\"rowItemContent\" ><div class=\"btTabs tabsVertical\" data-open-first=\"yes\"  data-open-one=\"yes\"><ul class=\"tabsHeader\"><li><span>COQUETEL DE RECE\u00c7\u00c3O<\/span><\/li><\/ul><div class=\"tabPanes accordionPanes\"><div class=\"tabPane\">\r\n\t\t\t<div class=\"tabAccordionTitle\"><span>COQUETEL DE RECE\u00c7\u00c3O<\/span><\/div>\r\n\t\t\t<div class=\"tabAccordionContent\"><div class=\"boldRow \" ><div class=\"boldRowInner\"><div class=\"rowItem rowInnerItem col-ms-6  btTextLeft inherit\"  ><div class=\"rowItemContent\"><div class=\"btText\" ><\/div><header class=\"header btClear small\" ><div class=\"dash\"><h4><span class=\"headline\">QUINTA-FEIRA, 12 DE NOVEMBRO \u00c0S 20:00 h<\/span><\/h4><\/div><div class=\"btSubTitle\"><b>20:00 \u2013 22:00 h Boas-vindas e Coquetel de rece\u00e7\u00e3o<\/b>\r<br>Para todos os congressistas e acompanhantes inscritos\r<br>Hotel Altis Grand Hotel, Lisboa, Portugal<\/div><\/header><div class=\"btText\" ><p><img decoding=\"async\" class=\"alignnone size-full wp-image-3795\" src=\"https:\/\/foroaduanero.representantesaduaneros.com\/wp-content\/uploads\/2026\/04\/banner-direccion-hotel-3.png\" alt=\"\" width=\"320\" height=\"64\" \/><\/p>\n<p><img decoding=\"async\" class=\"alignleft wp-image-3884\" src=\"https:\/\/foroaduanero.representantesaduaneros.com\/wp-content\/uploads\/2026\/04\/5-320x64.png\" alt=\"\" width=\"310\" height=\"62\" \/><\/p>\n<\/div><div class=\"btClear btSeparator topSemiSpaced noBorder\" ><hr><\/div><div class=\"btClear btSeparator topSemiSpaced noBorder\" ><hr><\/div><div class=\"btText\" ><\/div><\/div><\/div><div class=\"rowItem rowInnerItem col-ms-6  btTextLeft inherit\"  ><div class=\"rowItemContent\"><div class=\"bpgPhoto \" ><div class=\"btImage\"><img decoding=\"async\" src=\"https:\/\/foroaduanero.representantesaduaneros.com\/wp-content\/uploads\/2026\/04\/COCTEL.jpg\" alt=\"https:\/\/foroaduanero.representantesaduaneros.com\/wp-content\/uploads\/2026\/04\/COCTEL.jpg\"><\/div><\/div><div class=\"btClear btSeparator topSemiSpaced noBorder\" ><hr><\/div><div class=\"btText\" ><\/div><\/div><\/div><\/div><\/div><div class=\"btClear btSeparator topSmallSpaced bottomSmallSpaced noBorder\" ><hr><\/div><\/div>\r\n\t\t<\/div><\/div><\/div><div class=\"btTabs tabsVertical\" data-open-first=\"yes\"  data-open-one=\"yes\"><ul class=\"tabsHeader\"><li><span>ALMO\u00c7O ESPECIAL<\/span><\/li><\/ul><div class=\"tabPanes accordionPanes\"><div class=\"tabPane\">\r\n\t\t\t<div class=\"tabAccordionTitle\"><span>ALMO\u00c7O ESPECIAL<\/span><\/div>\r\n\t\t\t<div class=\"tabAccordionContent\"><div class=\"boldRow \" ><div class=\"boldRowInner\"><div class=\"rowItem rowInnerItem col-ms-6  btTextLeft inherit\"  ><div class=\"rowItemContent\"><header class=\"header btClear small\" ><div class=\"dash\"><h4><span class=\"headline\">SEXTA-FEIRA, 13 DE NOVEMBRO \u00c0S 14:30 h<\/span><\/h4><\/div><\/header><div class=\"btText\" ><p><strong>Almo\u00e7o especial para congressistas<\/strong><br \/>\nmediante confirma\u00e7\u00e3o pr\u00e9via na inscri\u00e7\u00e3o<\/p>\n<p>Transfer em autocarro desde o Hotel Altis Grand Hotel, Lisboa, Portugal<\/p>\n<p><b><span data-olk-copy-source=\"MessageBody\">O Clube &#8211; Tazte Secret Spot<\/span><\/b><br \/>\nEstrada do Barcal 1500, Lisboa, Portugal<\/p>\n<p style=\"text-align: justify !important;\">O Clube &#8211; Tazte Secret Spot encontra-se numa zona verde pr\u00f3xima do Parque de Monsanto, oferecendo vistas panor\u00e2micas de Lisboa e um ambiente tranquilo que contrasta com a vida urbana. Representa uma s\u00edntese entre o lazer urbano e o contacto com a natureza, contribuindo para Lisboa com um modelo de espa\u00e7o multifuncional adaptado \u00e0s tend\u00eancias de bem-estar e experi\u00eancias imersivas.<\/p>\n<\/div><div class=\"btClear btSeparator noBorder\" ><hr><\/div><div class=\"btText\" ><\/div><\/div><\/div><div class=\"rowItem rowInnerItem col-ms-6  btTextLeft inherit\"  ><div class=\"rowItemContent\"><div class=\"bpgPhoto \" ><div class=\"btImage\"><img decoding=\"async\" src=\"https:\/\/foroaduanero.representantesaduaneros.com\/wp-content\/uploads\/2026\/04\/COMIDA-VIERNES.jpg\" alt=\"https:\/\/foroaduanero.representantesaduaneros.com\/wp-content\/uploads\/2026\/04\/COMIDA-VIERNES.jpg\"><\/div><\/div><div class=\"btClear btSeparator noBorder\" ><hr><\/div><div class=\"btText\" ><\/div><\/div><\/div><\/div><\/div><div class=\"btClear btSeparator topSmallSpaced bottomSmallSpaced noBorder\" ><hr><\/div><\/div>\r\n\t\t<\/div><\/div><\/div><div class=\"btTabs tabsVertical\" data-open-first=\"yes\"  data-open-one=\"yes\"><ul class=\"tabsHeader\"><li><span>JANTAR DE GALA<\/span><\/li><\/ul><div class=\"tabPanes accordionPanes\"><div class=\"tabPane\">\r\n\t\t\t<div class=\"tabAccordionTitle\"><span>JANTAR DE GALA<\/span><\/div>\r\n\t\t\t<div class=\"tabAccordionContent\"><div class=\"boldRow \" ><div class=\"boldRowInner\"><div class=\"rowItem rowInnerItem col-ms-6  btTextLeft inherit\"  ><div class=\"rowItemContent\"><div class=\"btText\" ><p><span style=\"font-size: 24px;\"><strong><span style=\"color: #4195db;\">S\u00c1BADO 14 DE NOVEMBRO \u00c0S 21.00 h.\u00a0<\/span><\/strong><\/span><\/p>\n<p>20:00 h <strong>Coquetel<\/strong> no Hotel Altis Grand Hotel, Lisboa, Portugal.<\/p>\n<p>20:30 h O nosso tradicional <strong>Jantar de Gala<\/strong> ser\u00e1 realizado no Hotel Altis Grand Hotel, Lisboa, Portugal.<\/p>\n<p>De seguida, contaremos com um DJ (Disk Jockey) e servi\u00e7o de bar para todos os que desejem desfrutar desta noite.<\/p>\n<p><img decoding=\"async\" class=\"alignnone size-full wp-image-3795\" src=\"https:\/\/foroaduanero.representantesaduaneros.com\/wp-content\/uploads\/2026\/04\/banner-direccion-hotel-3.png\" alt=\"\" width=\"320\" height=\"64\" \/><\/p>\n<p><img decoding=\"async\" class=\"alignleft wp-image-3883 size-medium\" src=\"https:\/\/foroaduanero.representantesaduaneros.com\/wp-content\/uploads\/2026\/04\/4-320x64.png\" alt=\"\" width=\"320\" height=\"64\" \/><\/p>\n<\/div><\/div><\/div><div class=\"rowItem rowInnerItem col-ms-6  btTextLeft inherit\"  ><div class=\"rowItemContent\"><div class=\"bpgPhoto \" ><div class=\"btImage\"><img decoding=\"async\" src=\"https:\/\/foroaduanero.representantesaduaneros.com\/wp-content\/uploads\/2026\/05\/CENA-GALA-1.jpg\" alt=\"https:\/\/foroaduanero.representantesaduaneros.com\/wp-content\/uploads\/2026\/05\/CENA-GALA-1.jpg\"><\/div><\/div><div class=\"btClear btSeparator topSmallSpaced bottomSmallSpaced noBorder\" ><hr><\/div><div class=\"btText\" ><\/div><\/div><\/div><\/div><\/div><div class=\"btClear btSeparator topSmallSpaced bottomSmallSpaced noBorder\" ><hr><\/div><\/div>\r\n\t\t<\/div><\/div><\/div><\/div><\/div><\/div><\/div><\/div><\/div><\/div><\/section><section id=\"bt_section6a974089b0bd5\"  class=\"boldSection topSpaced gutter inherit\" ><div class=\"port\"><div class=\"boldCell\"><div class=\"boldCellInner\"><div class=\"boldRow \" ><div class=\"boldRowInner\"><div class=\"rowItem col-md-6 col-sm-12 btTextLeft\"  data-width=\"6\"><div class=\"rowItemContent\" ><header class=\"header btClear extralarge btDash bottomDash\" ><div class=\"btSuperTitle\">INFORMA\u00c7\u00c3O E CONTACTO<\/div><\/header><div class=\"btClear btSeparator topExtraSmallSpaced noBorder\" ><hr><\/div><div class=\"btText\" ><p><strong>CONSELHO GERAL DOS COL\u00c9GIOS DE AGENTES DE ALF\u00c2NDEGA DE ESPANHA<\/strong><\/p>\n<p>C\/ Doctor Fleming n\u00ba 46, 1\u00ba izqda., 28036 Madrid<br \/>\nTel. 913 430 570 \u00b7 Telem\u00f3vel: +34 606 304 955 \u2013 email: <a href=\"mailto:cgaa@representantesaduaneros.com\">cgaa@representantesaduaneros.com<\/a><br \/>\n<a href=\"https:\/\/representantesaduaneros.com\/\">Conselho Geral dos Agentes Aduaneiros | representantesaduaneros.com<\/a><\/p>\n<\/div><div class=\"btText\" ><\/div><\/div><\/div><div class=\"rowItem col-md-6 col-sm-12 btTextLeft\"  data-width=\"6\"><div class=\"rowItemContent\" ><\/div><\/div><\/div><\/div><\/div><\/div><\/div><\/section><section id=\"bt_section6a974089b2277\"  class=\"boldSection gutter\" ><div class=\"port\"><div class=\"boldCell\"><div class=\"boldCellInner\"><div class=\"boldRow \" ><div class=\"boldRowInner\"><div class=\"rowItem col-md-12 col-ms-12  btTextLeft\"  data-width=\"12\"><div class=\"rowItemContent\" ><div class=\"btClear btSeparator topSemiSpaced noBorder\" ><hr><\/div><\/div><\/div><\/div><\/div><\/div><\/div><\/div><\/section><\/div>","protected":false},"excerpt":{"rendered":"","protected":false},"author":3,"featured_media":0,"parent":0,"menu_order":0,"comment_status":"closed","ping_status":"closed","template":"","meta":{"footnotes":"","_links_to":"","_links_to_target":""},"class_list":["post-3866","page","type-page","status-publish","hentry"],"yoast_head":"<!-- This site is optimized with the Yoast SEO plugin v28.4 - https:\/\/yoast.com\/product\/yoast-seo-wordpress\/ -->\n<title>Programa social Lisboa - cgaa<\/title>\n<meta name=\"robots\" content=\"index, follow, max-snippet:-1, max-image-preview:large, max-video-preview:-1\" \/>\n<link rel=\"canonical\" href=\"https:\/\/foroaduanero.representantesaduaneros.com\/pt-pt\/programa-sociallisboa\/\" \/>\n<meta property=\"og:locale\" content=\"pt_PT\" \/>\n<meta property=\"og:type\" content=\"article\" \/>\n<meta property=\"og:title\" content=\"Programa social Lisboa - cgaa\" \/>\n<meta property=\"og:url\" content=\"https:\/\/foroaduanero.representantesaduaneros.com\/pt-pt\/programa-sociallisboa\/\" \/>\n<meta property=\"og:site_name\" content=\"cgaa\" \/>\n<meta property=\"article:modified_time\" content=\"2026-05-18T09:29:34+00:00\" \/>\n<meta property=\"og:image\" content=\"https:\/\/foroaduanero.representantesaduaneros.com\/wp-content\/uploads\/2026\/04\/banner-direccion-hotel-3.png\" \/>\n<meta name=\"twitter:card\" content=\"summary_large_image\" \/>\n<meta name=\"twitter:label1\" content=\"Tempo estimado de leitura\" \/>\n\t<meta name=\"twitter:data1\" content=\"4 minutos\" \/>\n<script type=\"application\/ld+json\" class=\"yoast-schema-graph\">{\"@context\":\"https:\\\/\\\/schema.org\",\"@graph\":[{\"@type\":\"WebPage\",\"@id\":\"https:\\\/\\\/foroaduanero.representantesaduaneros.com\\\/pt-pt\\\/programa-sociallisboa\\\/\",\"url\":\"https:\\\/\\\/foroaduanero.representantesaduaneros.com\\\/pt-pt\\\/programa-sociallisboa\\\/\",\"name\":\"Programa social Lisboa - cgaa\",\"isPartOf\":{\"@id\":\"https:\\\/\\\/foroaduanero.representantesaduaneros.com\\\/pt-pt\\\/#website\"},\"primaryImageOfPage\":{\"@id\":\"https:\\\/\\\/foroaduanero.representantesaduaneros.com\\\/pt-pt\\\/programa-sociallisboa\\\/#primaryimage\"},\"image\":{\"@id\":\"https:\\\/\\\/foroaduanero.representantesaduaneros.com\\\/pt-pt\\\/programa-sociallisboa\\\/#primaryimage\"},\"thumbnailUrl\":\"https:\\\/\\\/foroaduanero.representantesaduaneros.com\\\/wp-content\\\/uploads\\\/2026\\\/04\\\/banner-direccion-hotel-3.png\",\"datePublished\":\"2026-04-09T11:04:12+00:00\",\"dateModified\":\"2026-05-18T09:29:34+00:00\",\"breadcrumb\":{\"@id\":\"https:\\\/\\\/foroaduanero.representantesaduaneros.com\\\/pt-pt\\\/programa-sociallisboa\\\/#breadcrumb\"},\"inLanguage\":\"pt-PT\",\"potentialAction\":[{\"@type\":\"ReadAction\",\"target\":[\"https:\\\/\\\/foroaduanero.representantesaduaneros.com\\\/pt-pt\\\/programa-sociallisboa\\\/\"]}]},{\"@type\":\"ImageObject\",\"inLanguage\":\"pt-PT\",\"@id\":\"https:\\\/\\\/foroaduanero.representantesaduaneros.com\\\/pt-pt\\\/programa-sociallisboa\\\/#primaryimage\",\"url\":\"https:\\\/\\\/foroaduanero.representantesaduaneros.com\\\/wp-content\\\/uploads\\\/2026\\\/04\\\/banner-direccion-hotel-3.png\",\"contentUrl\":\"https:\\\/\\\/foroaduanero.representantesaduaneros.com\\\/wp-content\\\/uploads\\\/2026\\\/04\\\/banner-direccion-hotel-3.png\"},{\"@type\":\"BreadcrumbList\",\"@id\":\"https:\\\/\\\/foroaduanero.representantesaduaneros.com\\\/pt-pt\\\/programa-sociallisboa\\\/#breadcrumb\",\"itemListElement\":[{\"@type\":\"ListItem\",\"position\":1,\"name\":\"Portada\",\"item\":\"https:\\\/\\\/foroaduanero.representantesaduaneros.com\\\/pt-pt\\\/\"},{\"@type\":\"ListItem\",\"position\":2,\"name\":\"Programa social Lisboa\"}]},{\"@type\":\"WebSite\",\"@id\":\"https:\\\/\\\/foroaduanero.representantesaduaneros.com\\\/pt-pt\\\/#website\",\"url\":\"https:\\\/\\\/foroaduanero.representantesaduaneros.com\\\/pt-pt\\\/\",\"name\":\"cgaa\",\"description\":\"foroaduanero.representantesaduaneros.com\",\"potentialAction\":[{\"@type\":\"SearchAction\",\"target\":{\"@type\":\"EntryPoint\",\"urlTemplate\":\"https:\\\/\\\/foroaduanero.representantesaduaneros.com\\\/pt-pt\\\/?s={search_term_string}\"},\"query-input\":{\"@type\":\"PropertyValueSpecification\",\"valueRequired\":true,\"valueName\":\"search_term_string\"}}],\"inLanguage\":\"pt-PT\"}]}<\/script>\n<!-- \/ Yoast SEO plugin. -->","yoast_head_json":{"title":"Programa social Lisboa - cgaa","robots":{"index":"index","follow":"follow","max-snippet":"max-snippet:-1","max-image-preview":"max-image-preview:large","max-video-preview":"max-video-preview:-1"},"canonical":"https:\/\/foroaduanero.representantesaduaneros.com\/pt-pt\/programa-sociallisboa\/","og_locale":"pt_PT","og_type":"article","og_title":"Programa social Lisboa - cgaa","og_url":"https:\/\/foroaduanero.representantesaduaneros.com\/pt-pt\/programa-sociallisboa\/","og_site_name":"cgaa","article_modified_time":"2026-05-18T09:29:34+00:00","og_image":[{"url":"https:\/\/foroaduanero.representantesaduaneros.com\/wp-content\/uploads\/2026\/04\/banner-direccion-hotel-3.png","type":"","width":"","height":""}],"twitter_card":"summary_large_image","twitter_misc":{"Tempo estimado de leitura":"4 minutos"},"schema":{"@context":"https:\/\/schema.org","@graph":[{"@type":"WebPage","@id":"https:\/\/foroaduanero.representantesaduaneros.com\/pt-pt\/programa-sociallisboa\/","url":"https:\/\/foroaduanero.representantesaduaneros.com\/pt-pt\/programa-sociallisboa\/","name":"Programa social Lisboa - cgaa","isPartOf":{"@id":"https:\/\/foroaduanero.representantesaduaneros.com\/pt-pt\/#website"},"primaryImageOfPage":{"@id":"https:\/\/foroaduanero.representantesaduaneros.com\/pt-pt\/programa-sociallisboa\/#primaryimage"},"image":{"@id":"https:\/\/foroaduanero.representantesaduaneros.com\/pt-pt\/programa-sociallisboa\/#primaryimage"},"thumbnailUrl":"https:\/\/foroaduanero.representantesaduaneros.com\/wp-content\/uploads\/2026\/04\/banner-direccion-hotel-3.png","datePublished":"2026-04-09T11:04:12+00:00","dateModified":"2026-05-18T09:29:34+00:00","breadcrumb":{"@id":"https:\/\/foroaduanero.representantesaduaneros.com\/pt-pt\/programa-sociallisboa\/#breadcrumb"},"inLanguage":"pt-PT","potentialAction":[{"@type":"ReadAction","target":["https:\/\/foroaduanero.representantesaduaneros.com\/pt-pt\/programa-sociallisboa\/"]}]},{"@type":"ImageObject","inLanguage":"pt-PT","@id":"https:\/\/foroaduanero.representantesaduaneros.com\/pt-pt\/programa-sociallisboa\/#primaryimage","url":"https:\/\/foroaduanero.representantesaduaneros.com\/wp-content\/uploads\/2026\/04\/banner-direccion-hotel-3.png","contentUrl":"https:\/\/foroaduanero.representantesaduaneros.com\/wp-content\/uploads\/2026\/04\/banner-direccion-hotel-3.png"},{"@type":"BreadcrumbList","@id":"https:\/\/foroaduanero.representantesaduaneros.com\/pt-pt\/programa-sociallisboa\/#breadcrumb","itemListElement":[{"@type":"ListItem","position":1,"name":"Portada","item":"https:\/\/foroaduanero.representantesaduaneros.com\/pt-pt\/"},{"@type":"ListItem","position":2,"name":"Programa social Lisboa"}]},{"@type":"WebSite","@id":"https:\/\/foroaduanero.representantesaduaneros.com\/pt-pt\/#website","url":"https:\/\/foroaduanero.representantesaduaneros.com\/pt-pt\/","name":"cgaa","description":"foroaduanero.representantesaduaneros.com","potentialAction":[{"@type":"SearchAction","target":{"@type":"EntryPoint","urlTemplate":"https:\/\/foroaduanero.representantesaduaneros.com\/pt-pt\/?s={search_term_string}"},"query-input":{"@type":"PropertyValueSpecification","valueRequired":true,"valueName":"search_term_string"}}],"inLanguage":"pt-PT"}]}},"_links":{"self":[{"href":"https:\/\/foroaduanero.representantesaduaneros.com\/pt-pt\/wp-json\/wp\/v2\/pages\/3866","targetHints":{"allow":["GET"]}}],"collection":[{"href":"https:\/\/foroaduanero.representantesaduaneros.com\/pt-pt\/wp-json\/wp\/v2\/pages"}],"about":[{"href":"https:\/\/foroaduanero.representantesaduaneros.com\/pt-pt\/wp-json\/wp\/v2\/types\/page"}],"author":[{"embeddable":true,"href":"https:\/\/foroaduanero.representantesaduaneros.com\/pt-pt\/wp-json\/wp\/v2\/users\/3"}],"replies":[{"embeddable":true,"href":"https:\/\/foroaduanero.representantesaduaneros.com\/pt-pt\/wp-json\/wp\/v2\/comments?post=3866"}],"version-history":[{"count":0,"href":"https:\/\/foroaduanero.representantesaduaneros.com\/pt-pt\/wp-json\/wp\/v2\/pages\/3866\/revisions"}],"wp:attachment":[{"href":"https:\/\/foroaduanero.representantesaduaneros.com\/pt-pt\/wp-json\/wp\/v2\/media?parent=3866"}],"curies":[{"name":"wp","href":"https:\/\/api.w.org\/{rel}","templated":true}]}}