{"id":3856,"date":"2026-04-09T10:28:39","date_gmt":"2026-04-09T10:28:39","guid":{"rendered":"https:\/\/foroaduanero.representantesaduaneros.com\/iniciolisboa\/"},"modified":"2026-05-28T06:23:37","modified_gmt":"2026-05-28T06:23:37","slug":"iniciolisboa","status":"publish","type":"page","link":"https:\/\/foroaduanero.representantesaduaneros.com\/pt-pt\/","title":{"rendered":"Inicio Lisboa"},"content":{"rendered":"<div class=\"bt_rc_container\"><section id=\"bt_section6a98abd8b3cea\" data-parallax=\"0.1\" data-parallax-offset=\"0\" class=\"boldSection topSpaced bottomSpaced btLightSkin gutter btMiddleVertical btParallax\" ><div class=\"port\"><div class=\"boldCell\"><div class=\"boldCellInner\"><div class=\"boldRow \" ><div class=\"boldRowInner\"><div class=\"rowItem col-md-12 col-ms-12  btTextLeft\"  data-width=\"12\"><div class=\"rowItemContent\" ><\/div><\/div><\/div><\/div><\/div><\/div><\/div><\/section><section id=\"bt_section6a98abd8b4188\"  class=\"boldSection gutter\" ><div class=\"port\"><div class=\"boldCell\"><div class=\"boldCellInner\"><div class=\"boldRow \" ><div class=\"boldRowInner\"><div class=\"rowItem col-md-12 col-ms-12  btTextCenter inherit\"  data-width=\"12\"><div class=\"rowItemContent\" ><div class=\"bpgPhoto \" ><div class=\"btImage\"><img decoding=\"async\" src=\"https:\/\/foroaduanero.representantesaduaneros.com\/wp-content\/uploads\/2026\/04\/XXI-FORO-ADUANERO-4.png\" alt=\"https:\/\/foroaduanero.representantesaduaneros.com\/wp-content\/uploads\/2026\/04\/XXI-FORO-ADUANERO-4.png\"><\/div><\/div><div class=\"bpgPhoto \" ><div class=\"btImage\"><img decoding=\"async\" src=\"https:\/\/foroaduanero.representantesaduaneros.com\/wp-content\/uploads\/2026\/05\/IMAGEN-FORO-ADUANERO-LISBOA-1.jpg\" alt=\"https:\/\/foroaduanero.representantesaduaneros.com\/wp-content\/uploads\/2026\/05\/IMAGEN-FORO-ADUANERO-LISBOA-1.jpg\"><\/div><\/div><\/div><\/div><\/div><\/div><\/div><\/div><\/div><\/section><section id=\"bt_section6a98abd8b568e\" data-parallax=\"0.1\" data-parallax-offset=\"0\" class=\"boldSection topSemiSpaced btLightSkin gutter btMiddleVertical btParallax\" ><div class=\"port\"><div class=\"boldCell\"><div class=\"boldCellInner\"><div class=\"boldRow \" ><div class=\"boldRowInner\"><\/div><\/div><\/div><\/div><\/div><\/section><section id=\"bt_section6a98abd8b5931\"  class=\"boldSection topSemiSpaced bottomSpaced gutter inherit\" ><div class=\"port\"><div class=\"boldCell\"><div class=\"boldCellInner\"><div class=\"boldRow \" ><div class=\"boldRowInner\"><div class=\"rowItem col-md-6 col-sm-12 btTextLeft inherit\" style=\"text-align: justify !important;\" data-width=\"6\"><div class=\"rowItemContent\" ><div class=\"btText\" ><p data-start=\"0\" data-end=\"119\">Nos agrada anunciar a celebra\u00e7\u00e3o do <strong data-start=\"36\" data-end=\"60\">XXII F\u00d3RUM ADUANEIRO<\/strong>, que ter\u00e1 lugar em Lisboa, de 12 a 14 de novembro de 2026.<\/p>\n<p data-start=\"121\" data-end=\"256\">Ser\u00e1 um prazer contar com a sua presen\u00e7a e, por isso, antecipamos a data e o local de realiza\u00e7\u00e3o para que possa reservar na sua agenda.<\/p>\n<p data-start=\"258\" data-end=\"415\">Por meio deste site, poder\u00e1 efetuar a sua inscri\u00e7\u00e3o online, bem como a reserva de quartos que colocamos \u00e0 sua disposi\u00e7\u00e3o e consultar o Programa de conte\u00fados.<\/p>\n<p data-start=\"417\" data-end=\"453\" data-is-last-node=\"\" data-is-only-node=\"\">Esperamos contar com a sua presen\u00e7a.<\/p>\n<\/div><\/div><\/div><div class=\"rowItem col-md-6 col-sm-12 btTextLeft\"  data-width=\"6\"><div class=\"rowItemContent\" ><div class=\"btClear btSeparator topSpaced noBorder\" ><hr><\/div><div class=\"btText\" ><header class=\"header btClear small\">\n<div class=\"dash\">\n<h4>\u00bfJ\u00e1 reservaste o teu alojamento?<\/h4>\n<\/div>\n<\/header>\n<div class=\"btText\">\n<p><a href=\"https:\/\/foroaduanero.representantesaduaneros.com\/pt-pt\/alojamento-lisboa\/\"><u><b>Alojamiento<\/b><\/u><\/a><\/p>\n<\/div>\n<\/div><\/div><\/div><\/div><\/div><div class=\"boldRow \" ><div class=\"boldRowInner\"><div class=\"rowItem col-md-8 col-ms-12 btTextLeft\"  data-width=\"8\"><div class=\"rowItemContent\" ><div class=\"btClear btSeparator topSemiSpaced noBorder\" ><hr><\/div><\/div><\/div><div class=\"rowItem col-md-4 col-ms-12 btTextLeft\"  data-width=\"4\"><div class=\"rowItemContent\" ><div class=\"btClear btSeparator topSemiSpaced noBorder\" ><hr><\/div><\/div><\/div><\/div><\/div><div class=\"boldRow \" ><div class=\"boldRowInner\"><div class=\"rowItem col-md-6 col-sm-12 btTextLeft\"  data-width=\"6\"><div class=\"rowItemContent\" ><header class=\"header btClear extralarge\" ><div class=\"btSuperTitle\">INFORMA\u00c7\u00c3O E CONTATO<\/div><\/header><div class=\"btText\" ><p><b>CONSELHO GERAL DOS COL\u00c9GIOS DE AGENTES ADUANEIROS DE ESPAHA <\/b><br \/>\nC\/ Doctor Fleming n\u00ba 46, 1\u00ba izqda 28036 Madrid<br \/>\nTel. 913 430 570 &#8211; Telem\u00f3vel +34. 606 304 955 &#8211; E-mail: <a href=\"mailto:cgaa@representantesaduaneros.com\">cgaa@representantesaduaneros.com<\/a><br \/>\n<a href=\"https:\/\/representantesaduaneros.com\/\">Conselho Geral dos Agentes Aduaneiros | representantesaduaneros.com<\/a><\/p>\n<\/div><\/div><\/div><div class=\"rowItem col-md-6 col-sm-12 btTextLeft\"  data-width=\"6\"><div class=\"rowItemContent\" ><header class=\"header btClear extralarge\" ><div class=\"btSuperTitle\">LOCAL DA CELEBRA\u00c7\u00c3O<\/div><\/header><div class=\"btText\" ><p>Altis Grand Hotel<\/p>\n<p>R. Castilho 11, 1269-072 Lisboa, Portugal<\/p>\n<\/div><\/div><\/div><\/div><\/div><\/div><\/div><\/div><\/section><section id=\"bt_section6a98abd8b73fa\"  class=\"boldSection topSpaced btDarkSkin gutter inherit\" style=\"background-color:#041e42;\"><div class=\"port\"><div class=\"boldCell\"><div class=\"boldCellInner\"><div class=\"boldRow \" ><div class=\"boldRowInner\"><div class=\"rowItem col-md-6 col-sm-12 btTextLeft inherit\"  data-width=\"6\"><div class=\"rowItemContent\" ><header class=\"header btClear medium btDash bottomDash\" style=\"margin-bottom: 0px;\"><div class=\"dash\"><h3><span class=\"headline\">Galeria de fotos<\/span><\/h3><\/div><\/header><div class=\"btClear btSeparator topSemiSpaced noBorder\" ><hr><\/div><\/div><\/div><div class=\"rowItem col-md-6 col-sm-12 btTextRight btMiddleVertical\"  data-width=\"6\"><div class=\"rowItemContent\" ><\/div><\/div><\/div><\/div><\/div><\/div><\/div><\/section><section id=\"bt_section6a98abd8b7c23\"  class=\"boldSection btDarkSkin inherit\" style=\"background-color:#041e42;\"><div class=\"port\"><div class=\"boldCell\"><div class=\"boldCellInner\"><div class=\"boldRow \" ><div class=\"boldRowInner\"><div class=\"rowItem col-md-12 col-ms-12  btTextCenter inherit\"  data-width=\"12\"><div class=\"rowItemContent\" ><div class=\"tilesWall btGridGallery tiled  btGridGap-0\" data-col=\"6\"><div class=\"gridSizer\"><\/div><\/div><\/div><\/div><\/div><\/div><\/div><\/div><\/div><\/section><section id=\"bt_section6a98abd8b9158\"  class=\"boldSection topSpaced bottomSpaced btLightSkin gutter inherit\" ><div class=\"port\"><div class=\"boldCell\"><div class=\"boldCellInner\"><div class=\"boldRow \" ><div class=\"boldRowInner\"><div class=\"rowItem col-md-6 col-sm-12 btTextLeft inherit\"  data-width=\"6\"><div class=\"rowItemContent\" ><header class=\"header btClear extralarge btDash bottomDash\" style=\"margin-bottom: 0px;\"><div class=\"dash\"><h1><span class=\"headline\">\u00daLTIMAS NOT\u00cdCIAS<\/span><\/h1><\/div><div class=\"btSubTitle\">Todas as not\u00edcias relacionadas com o f\u00f3rum.<\/div><\/header><div class=\"btClear btSeparator topSemiSpaced noBorder\" ><hr><\/div><\/div><\/div><div class=\"rowItem col-md-6 col-sm-12 btTextRight btMiddleVertical\"  data-width=\"6\"><div class=\"rowItemContent\" ><\/div><\/div><\/div><\/div><div class=\"boldRow \" ><div class=\"boldRowInner\"><div class=\"rowItem col-md-12 col-ms-12  btTextLeft inherit\"  data-width=\"12\"><div class=\"rowItemContent\" ><div class=\"btLatestPostsContainer horizontalPosts \" >\r\n\t\t\t\t<div class=\"btSingleLatestPost col-sm-4 col-ms-12  inherit\"><div class=\"btSingleLatestPostImage btTextCenter\"><div class=\"bpgPhoto \" > \r\n\t\t\t\t\t<a href=\"https:\/\/foroaduanero.representantesaduaneros.com\/wp-content\/uploads\/2026\/08\/10082026-Veintepies-El-CGAA-ultima-el-programa-del-XXII-Foro-Aduanero-de-Lisboa.pdf\" target=\"_self\"><\/a>\r\n\t\t\t\t\t<div class=\"boldPhotoBox\"><div class=\"bpbItem\"><div class=\"btImage\"><img decoding=\"async\" src=\"https:\/\/foroaduanero.representantesaduaneros.com\/wp-content\/uploads\/2026\/08\/10082026-Veintepies.jpg\" alt=\"https:\/\/foroaduanero.representantesaduaneros.com\/wp-content\/uploads\/2026\/08\/10082026-Veintepies.jpg\"><\/div><\/div><\/div>\r\n\t\t\t\t\t<div class=\"captionPane btDarkSkin\">\r\n\t\t\t\t\t\t<div class=\"captionTable\">\r\n\t\t\t\t\t\t\t<div class=\"captionCell\">\r\n\t\t\t\t\t\t\t\t<div class=\"captionTxt\"><\/div>\r\n\t\t\t\t\t\t\t<\/div>\r\n\t\t\t\t\t\t<\/div>\r\n\t\t\t\t\t<\/div><\/div><\/div><div class = \"btSingleLatestPostContent\">\r\n\t\t\t\t\t\t<header class=\"header btClear medium btDash bottomDash\" ><div class=\"dash\"><h3><span class=\"headline\"><a href=\"https:\/\/foroaduanero.representantesaduaneros.com\/wp-content\/uploads\/2026\/08\/10082026-Veintepies-El-CGAA-ultima-el-programa-del-XXII-Foro-Aduanero-de-Lisboa.pdf\" target=\"_self\">El CGAA ultima el programa del XXII Foro Aduanero de Lisboa<\/a><\/span><\/h3><\/div><div class=\"btSubTitle\"><span class=\"btArticleDate\">11 de Agosto de 2026<\/span><\/div><\/header>\r\n\t\t\t\t<p class=\"btLatestPostContent\"><\/p>\r\n\t\t\t\t\t<\/div>\r\n\t\t\t\t<\/div>\r\n\t\t\t\t<div class=\"btSingleLatestPost col-sm-4 col-ms-12  inherit\"><div class=\"btSingleLatestPostImage btTextCenter\"><div class=\"bpgPhoto \" > \r\n\t\t\t\t\t<a href=\"https:\/\/foroaduanero.representantesaduaneros.com\/wp-content\/uploads\/2026\/08\/10082026-Valencia-Maritima-El-Consejo-General-de-Agentes.-de-Aduanas-ultima-el-programa-del-XXII-Foro-Aduanero-docx.pdf\" target=\"_self\"><\/a>\r\n\t\t\t\t\t<div class=\"boldPhotoBox\"><div class=\"bpbItem\"><div class=\"btImage\"><img decoding=\"async\" src=\"https:\/\/foroaduanero.representantesaduaneros.com\/wp-content\/uploads\/2026\/08\/10082026-Valenciaa-Maritima.jpg\" alt=\"https:\/\/foroaduanero.representantesaduaneros.com\/wp-content\/uploads\/2026\/08\/10082026-Valenciaa-Maritima.jpg\"><\/div><\/div><\/div>\r\n\t\t\t\t\t<div class=\"captionPane btDarkSkin\">\r\n\t\t\t\t\t\t<div class=\"captionTable\">\r\n\t\t\t\t\t\t\t<div class=\"captionCell\">\r\n\t\t\t\t\t\t\t\t<div class=\"captionTxt\"><\/div>\r\n\t\t\t\t\t\t\t<\/div>\r\n\t\t\t\t\t\t<\/div>\r\n\t\t\t\t\t<\/div><\/div><\/div><div class = \"btSingleLatestPostContent\">\r\n\t\t\t\t\t\t<header class=\"header btClear medium btDash bottomDash\" ><div class=\"dash\"><h3><span class=\"headline\"><a href=\"https:\/\/foroaduanero.representantesaduaneros.com\/wp-content\/uploads\/2026\/08\/10082026-Valencia-Maritima-El-Consejo-General-de-Agentes.-de-Aduanas-ultima-el-programa-del-XXII-Foro-Aduanero-docx.pdf\" target=\"_self\">El Consejo General de Agentes de Aduanas ultima el programa del XXII Foro Aduanero<\/a><\/span><\/h3><\/div><div class=\"btSubTitle\"><span class=\"btArticleDate\">11 de Agosto de 2026<\/span><\/div><\/header>\r\n\t\t\t\t<p class=\"btLatestPostContent\"><\/p>\r\n\t\t\t\t\t<\/div>\r\n\t\t\t\t<\/div>\r\n\t\t\t\t<div class=\"btSingleLatestPost col-sm-4 col-ms-12  inherit\"><div class=\"btSingleLatestPostImage btTextCenter\"><div class=\"bpgPhoto \" > \r\n\t\t\t\t\t<a href=\"https:\/\/foroaduanero.representantesaduaneros.com\/wp-content\/uploads\/2026\/07\/16072026-Transporte-XXI-El-Foro-Aduanero-calienta-motores-1.pdf\" target=\"_self\"><\/a>\r\n\t\t\t\t\t<div class=\"boldPhotoBox\"><div class=\"bpbItem\"><div class=\"btImage\"><img decoding=\"async\" src=\"https:\/\/foroaduanero.representantesaduaneros.com\/wp-content\/uploads\/2026\/07\/16072026-TransporteXXI-1.jpg\" alt=\"https:\/\/foroaduanero.representantesaduaneros.com\/wp-content\/uploads\/2026\/07\/16072026-TransporteXXI-1.jpg\"><\/div><\/div><\/div>\r\n\t\t\t\t\t<div class=\"captionPane btDarkSkin\">\r\n\t\t\t\t\t\t<div class=\"captionTable\">\r\n\t\t\t\t\t\t\t<div class=\"captionCell\">\r\n\t\t\t\t\t\t\t\t<div class=\"captionTxt\"><\/div>\r\n\t\t\t\t\t\t\t<\/div>\r\n\t\t\t\t\t\t<\/div>\r\n\t\t\t\t\t<\/div><\/div><\/div><div class = \"btSingleLatestPostContent\">\r\n\t\t\t\t\t\t<header class=\"header btClear medium btDash bottomDash\" ><div class=\"dash\"><h3><span class=\"headline\"><a href=\"https:\/\/foroaduanero.representantesaduaneros.com\/wp-content\/uploads\/2026\/07\/16072026-Transporte-XXI-El-Foro-Aduanero-calienta-motores-1.pdf\" target=\"_self\">El Foro Aduanero calienta motores<\/a><\/span><\/h3><\/div><div class=\"btSubTitle\"><span class=\"btArticleDate\">16 de Julho de 2026<\/span><\/div><\/header>\r\n\t\t\t\t<p class=\"btLatestPostContent\"><\/p>\r\n\t\t\t\t\t<\/div>\r\n\t\t\t\t<\/div><\/div><\/div><\/div><\/div><\/div><\/div><\/div><\/div><\/section><\/div>","protected":false},"excerpt":{"rendered":"","protected":false},"author":3,"featured_media":0,"parent":0,"menu_order":0,"comment_status":"closed","ping_status":"closed","template":"","meta":{"footnotes":"","_links_to":"","_links_to_target":""},"class_list":["post-3856","page","type-page","status-publish","hentry"],"yoast_head":"<!-- This site is optimized with the Yoast SEO plugin v28.4 - https:\/\/yoast.com\/product\/yoast-seo-wordpress\/ -->\n<title>Inicio Lisboa - cgaa<\/title>\n<meta name=\"description\" content=\"**Temos o prazer de anunciar a celebra\u00e7\u00e3o do XXI F\u00d3RUM ADUANEIRO, que ter\u00e1 lugar em A Coru\u00f1a de 13 a 15 de novembro de 2025.**\" \/>\n<meta name=\"robots\" content=\"index, follow, max-snippet:-1, max-image-preview:large, max-video-preview:-1\" \/>\n<link rel=\"canonical\" href=\"https:\/\/foroaduanero.representantesaduaneros.com\/pt-pt\/\" \/>\n<meta property=\"og:locale\" content=\"pt_PT\" \/>\n<meta property=\"og:type\" content=\"article\" \/>\n<meta property=\"og:title\" content=\"Inicio Lisboa - cgaa\" \/>\n<meta property=\"og:description\" content=\"**Temos o prazer de anunciar a celebra\u00e7\u00e3o do XXI F\u00d3RUM ADUANEIRO, que ter\u00e1 lugar em A Coru\u00f1a de 13 a 15 de novembro de 2025.**\" \/>\n<meta property=\"og:url\" content=\"https:\/\/foroaduanero.representantesaduaneros.com\/pt-pt\/\" \/>\n<meta property=\"og:site_name\" content=\"cgaa\" \/>\n<meta property=\"article:modified_time\" content=\"2026-05-28T06:23:37+00:00\" \/>\n<meta name=\"twitter:card\" content=\"summary_large_image\" \/>\n<meta name=\"twitter:label1\" content=\"Tempo estimado de leitura\" \/>\n\t<meta name=\"twitter:data1\" content=\"3 minutos\" \/>\n<script type=\"application\/ld+json\" class=\"yoast-schema-graph\">{\"@context\":\"https:\\\/\\\/schema.org\",\"@graph\":[{\"@type\":\"WebPage\",\"@id\":\"https:\\\/\\\/foroaduanero.representantesaduaneros.com\\\/pt-pt\\\/\",\"url\":\"https:\\\/\\\/foroaduanero.representantesaduaneros.com\\\/pt-pt\\\/\",\"name\":\"Inicio Lisboa - cgaa\",\"isPartOf\":{\"@id\":\"https:\\\/\\\/foroaduanero.representantesaduaneros.com\\\/pt-pt\\\/#website\"},\"datePublished\":\"2026-04-09T10:28:39+00:00\",\"dateModified\":\"2026-05-28T06:23:37+00:00\",\"description\":\"**Temos o prazer de anunciar a celebra\u00e7\u00e3o do XXI F\u00d3RUM ADUANEIRO, que ter\u00e1 lugar em A Coru\u00f1a de 13 a 15 de novembro de 2025.**\",\"breadcrumb\":{\"@id\":\"https:\\\/\\\/foroaduanero.representantesaduaneros.com\\\/pt-pt\\\/#breadcrumb\"},\"inLanguage\":\"pt-PT\",\"potentialAction\":[{\"@type\":\"ReadAction\",\"target\":[\"https:\\\/\\\/foroaduanero.representantesaduaneros.com\\\/pt-pt\\\/\"]}]},{\"@type\":\"BreadcrumbList\",\"@id\":\"https:\\\/\\\/foroaduanero.representantesaduaneros.com\\\/pt-pt\\\/#breadcrumb\",\"itemListElement\":[{\"@type\":\"ListItem\",\"position\":1,\"name\":\"Portada\",\"item\":\"https:\\\/\\\/foroaduanero.representantesaduaneros.com\\\/pt-pt\\\/\"},{\"@type\":\"ListItem\",\"position\":2,\"name\":\"Inicio Lisboa\"}]},{\"@type\":\"WebSite\",\"@id\":\"https:\\\/\\\/foroaduanero.representantesaduaneros.com\\\/pt-pt\\\/#website\",\"url\":\"https:\\\/\\\/foroaduanero.representantesaduaneros.com\\\/pt-pt\\\/\",\"name\":\"cgaa\",\"description\":\"foroaduanero.representantesaduaneros.com\",\"potentialAction\":[{\"@type\":\"SearchAction\",\"target\":{\"@type\":\"EntryPoint\",\"urlTemplate\":\"https:\\\/\\\/foroaduanero.representantesaduaneros.com\\\/pt-pt\\\/?s={search_term_string}\"},\"query-input\":{\"@type\":\"PropertyValueSpecification\",\"valueRequired\":true,\"valueName\":\"search_term_string\"}}],\"inLanguage\":\"pt-PT\"}]}<\/script>\n<!-- \/ Yoast SEO plugin. -->","yoast_head_json":{"title":"Inicio Lisboa - cgaa","description":"**Temos o prazer de anunciar a celebra\u00e7\u00e3o do XXI F\u00d3RUM ADUANEIRO, que ter\u00e1 lugar em A Coru\u00f1a de 13 a 15 de novembro de 2025.**","robots":{"index":"index","follow":"follow","max-snippet":"max-snippet:-1","max-image-preview":"max-image-preview:large","max-video-preview":"max-video-preview:-1"},"canonical":"https:\/\/foroaduanero.representantesaduaneros.com\/pt-pt\/","og_locale":"pt_PT","og_type":"article","og_title":"Inicio Lisboa - cgaa","og_description":"**Temos o prazer de anunciar a celebra\u00e7\u00e3o do XXI F\u00d3RUM ADUANEIRO, que ter\u00e1 lugar em A Coru\u00f1a de 13 a 15 de novembro de 2025.**","og_url":"https:\/\/foroaduanero.representantesaduaneros.com\/pt-pt\/","og_site_name":"cgaa","article_modified_time":"2026-05-28T06:23:37+00:00","twitter_card":"summary_large_image","twitter_misc":{"Tempo estimado de leitura":"3 minutos"},"schema":{"@context":"https:\/\/schema.org","@graph":[{"@type":"WebPage","@id":"https:\/\/foroaduanero.representantesaduaneros.com\/pt-pt\/","url":"https:\/\/foroaduanero.representantesaduaneros.com\/pt-pt\/","name":"Inicio Lisboa - cgaa","isPartOf":{"@id":"https:\/\/foroaduanero.representantesaduaneros.com\/pt-pt\/#website"},"datePublished":"2026-04-09T10:28:39+00:00","dateModified":"2026-05-28T06:23:37+00:00","description":"**Temos o prazer de anunciar a celebra\u00e7\u00e3o do XXI F\u00d3RUM ADUANEIRO, que ter\u00e1 lugar em A Coru\u00f1a de 13 a 15 de novembro de 2025.**","breadcrumb":{"@id":"https:\/\/foroaduanero.representantesaduaneros.com\/pt-pt\/#breadcrumb"},"inLanguage":"pt-PT","potentialAction":[{"@type":"ReadAction","target":["https:\/\/foroaduanero.representantesaduaneros.com\/pt-pt\/"]}]},{"@type":"BreadcrumbList","@id":"https:\/\/foroaduanero.representantesaduaneros.com\/pt-pt\/#breadcrumb","itemListElement":[{"@type":"ListItem","position":1,"name":"Portada","item":"https:\/\/foroaduanero.representantesaduaneros.com\/pt-pt\/"},{"@type":"ListItem","position":2,"name":"Inicio Lisboa"}]},{"@type":"WebSite","@id":"https:\/\/foroaduanero.representantesaduaneros.com\/pt-pt\/#website","url":"https:\/\/foroaduanero.representantesaduaneros.com\/pt-pt\/","name":"cgaa","description":"foroaduanero.representantesaduaneros.com","potentialAction":[{"@type":"SearchAction","target":{"@type":"EntryPoint","urlTemplate":"https:\/\/foroaduanero.representantesaduaneros.com\/pt-pt\/?s={search_term_string}"},"query-input":{"@type":"PropertyValueSpecification","valueRequired":true,"valueName":"search_term_string"}}],"inLanguage":"pt-PT"}]}},"_links":{"self":[{"href":"https:\/\/foroaduanero.representantesaduaneros.com\/pt-pt\/wp-json\/wp\/v2\/pages\/3856","targetHints":{"allow":["GET"]}}],"collection":[{"href":"https:\/\/foroaduanero.representantesaduaneros.com\/pt-pt\/wp-json\/wp\/v2\/pages"}],"about":[{"href":"https:\/\/foroaduanero.representantesaduaneros.com\/pt-pt\/wp-json\/wp\/v2\/types\/page"}],"author":[{"embeddable":true,"href":"https:\/\/foroaduanero.representantesaduaneros.com\/pt-pt\/wp-json\/wp\/v2\/users\/3"}],"replies":[{"embeddable":true,"href":"https:\/\/foroaduanero.representantesaduaneros.com\/pt-pt\/wp-json\/wp\/v2\/comments?post=3856"}],"version-history":[{"count":0,"href":"https:\/\/foroaduanero.representantesaduaneros.com\/pt-pt\/wp-json\/wp\/v2\/pages\/3856\/revisions"}],"wp:attachment":[{"href":"https:\/\/foroaduanero.representantesaduaneros.com\/pt-pt\/wp-json\/wp\/v2\/media?parent=3856"}],"curies":[{"name":"wp","href":"https:\/\/api.w.org\/{rel}","templated":true}]}}